{"id":4374,"date":"2020-02-06T11:39:15","date_gmt":"2020-02-06T10:39:15","guid":{"rendered":"https:\/\/www.cvs-avocats.com\/engagement-rse\/"},"modified":"2026-03-18T10:15:47","modified_gmt":"2026-03-18T09:15:47","slug":"engagement-rse","status":"publish","type":"page","link":"https:\/\/www.cvs-avocats.com\/fr\/engagement-rse\/","title":{"rendered":"Engagement RSE"},"content":{"rendered":"\n<div class=\"wp-block-group\"><div class=\"wp-block-group__inner-container is-layout-constrained wp-block-group-is-layout-constrained\">\n<h2 class=\"wp-block-heading\"><strong>Nos dispositifs nationaux<\/strong><\/h2>\n\n\n\n<h2 class=\"wp-block-heading\">Objectif 2028<\/h2>\n\n\n\n<p><strong>Aux c\u00f4t\u00e9s de <\/strong><strong>Mewen<\/strong><strong> <\/strong><strong>Tomac<\/strong><strong> depuis 2022,&nbsp;nous poursuivons notre engagement aupr\u00e8s du champion de natation avec le dispositif Objectif 2028.<\/strong><\/p>\n\n\n\n<p><strong>Engag\u00e9 pour l\u2019excellence, la performance et la pers\u00e9v\u00e9rance partout en France, <\/strong>Cornet Vincent S\u00e9gurel a mis en place un dispositif de m\u00e9c\u00e9nat et de soutien en partenariat avec le Pacte de Performance, dispositif de la Fondation du Sport Fran\u00e7ais.<\/p>\n\n\n\n<p><strong>Un accompagnement financier mais aussi en expertise juridique <\/strong>afin d\u2019aider Mewen Tomac \u00e0 accomplir ses ambitions sportives et \u00e0 r\u00e9aliser ses projets professionnels.<\/p>\n\n\n<div class=\"wp-block-image\">\n<figure class=\"aligncenter size-full\"><img decoding=\"async\" width=\"1500\" height=\"700\" data-src=\"https:\/\/www.cvs-avocats.com\/wp-content\/uploads\/2025\/03\/Objectif2028.png\" alt=\"\" class=\"wp-image-13063 lazyload\" data-srcset=\"https:\/\/www.cvs-avocats.com\/wp-content\/uploads\/2025\/03\/Objectif2028.png 1500w, https:\/\/www.cvs-avocats.com\/wp-content\/uploads\/2025\/03\/Objectif2028-300x140.png 300w, https:\/\/www.cvs-avocats.com\/wp-content\/uploads\/2025\/03\/Objectif2028-1024x478.png 1024w, https:\/\/www.cvs-avocats.com\/wp-content\/uploads\/2025\/03\/Objectif2028-768x358.png 768w\" data-sizes=\"(max-width: 1500px) 100vw, 1500px\" src=\"data:image\/svg+xml;base64,PHN2ZyB3aWR0aD0iMSIgaGVpZ2h0PSIxIiB4bWxucz0iaHR0cDovL3d3dy53My5vcmcvMjAwMC9zdmciPjwvc3ZnPg==\" style=\"--smush-placeholder-width: 1500px; --smush-placeholder-aspect-ratio: 1500\/700;\" \/><\/figure>\n<\/div>\n\n\n<p class=\"has-text-align-center\"><em>Mewen Tomac<\/em><\/p>\n\n\n\n<div style=\"height:46px\" aria-hidden=\"true\" class=\"wp-block-spacer\"><\/div>\n\n\n\n<div class=\"wp-block-group has-lightgrey-background-color has-background\"><div class=\"wp-block-group__inner-container is-layout-constrained wp-block-group-is-layout-constrained\">\n<h2 class=\"wp-block-heading\">Les P&rsquo;tits Doudous<\/h2>\n\n\n\n<div class=\"wp-block-columns is-layout-flex wp-container-core-columns-is-layout-9d6595d7 wp-block-columns-is-layout-flex\">\n<div class=\"wp-block-column is-layout-flow wp-block-column-is-layout-flow\">\n<iframe width=\"960\" height=\"540\" data-src=\"https:\/\/www.youtube.com\/embed\/y_jyi35f-bo?si=xO_8rIgQWqYgGLPB\" title=\"YouTube video player\" frameborder=\"0\" allow=\"accelerometer; autoplay; clipboard-write; encrypted-media; gyroscope; picture-in-picture; web-share\" referrerpolicy=\"strict-origin-when-cross-origin\" allowfullscreen src=\"data:image\/svg+xml;base64,PHN2ZyB3aWR0aD0iMSIgaGVpZ2h0PSIxIiB4bWxucz0iaHR0cDovL3d3dy53My5vcmcvMjAwMC9zdmciPjwvc3ZnPg==\" class=\"lazyload\" data-load-mode=\"1\"><\/iframe>\n<\/div>\n<\/div>\n\n\n\n<div class=\"wp-block-columns is-layout-flex wp-container-core-columns-is-layout-9d6595d7 wp-block-columns-is-layout-flex\">\n<div class=\"wp-block-column is-layout-flow wp-block-column-is-layout-flow\">\n<h4 class=\"wp-block-heading\" id=\"un-partenariat-pour-les-enfants\">Un partenariat pour les enfants op\u00e9r\u00e9s<\/h4>\n\n\n\n<p><strong>Cornet Vincent S\u00e9gurel soutient l\u2019association des P\u2019tits doudous&nbsp;<\/strong>depuis novembre 2023. L\u2019association accompagne les enfants et les parents tout au long du processus d\u2019op\u00e9ration et tente d\u2019am\u00e9liorer au maximum le v\u00e9cu li\u00e9 \u00e0 l\u2019op\u00e9ration.<\/p>\n\n\n\n<p><strong>Aujourd\u2019hui, l\u2019association compte plus de 120 associations locales<\/strong>, en France, en Belgique et au Canada,&nbsp;<strong>plus de 1500 soignants engag\u00e9s&nbsp;<\/strong>pour accompagner plus de 120 000 enfants op\u00e9r\u00e9s par an.<\/p>\n\n\n\n<div style=\"height:100px\" aria-hidden=\"true\" class=\"wp-block-spacer\"><\/div>\n\n\n\n<figure class=\"wp-block-image size-full\"><img decoding=\"async\" width=\"999\" height=\"562\" data-src=\"https:\/\/www.cvs-avocats.com\/wp-content\/uploads\/2024\/04\/PETITS-DOUDOUS-Cornet-Vincent-Segurel-1.jpg\" alt=\"\" class=\"wp-image-6974 lazyload\" data-srcset=\"https:\/\/www.cvs-avocats.com\/wp-content\/uploads\/2024\/04\/PETITS-DOUDOUS-Cornet-Vincent-Segurel-1.jpg 999w, https:\/\/www.cvs-avocats.com\/wp-content\/uploads\/2024\/04\/PETITS-DOUDOUS-Cornet-Vincent-Segurel-1-300x169.jpg 300w, https:\/\/www.cvs-avocats.com\/wp-content\/uploads\/2024\/04\/PETITS-DOUDOUS-Cornet-Vincent-Segurel-1-768x432.jpg 768w\" data-sizes=\"(max-width: 999px) 100vw, 999px\" src=\"data:image\/svg+xml;base64,PHN2ZyB3aWR0aD0iMSIgaGVpZ2h0PSIxIiB4bWxucz0iaHR0cDovL3d3dy53My5vcmcvMjAwMC9zdmciPjwvc3ZnPg==\" style=\"--smush-placeholder-width: 999px; --smush-placeholder-aspect-ratio: 999\/562;\" \/><\/figure>\n<\/div>\n<\/div>\n\n\n\n<div class=\"wp-block-columns is-layout-flex wp-container-core-columns-is-layout-9d6595d7 wp-block-columns-is-layout-flex\">\n<div class=\"wp-block-column is-layout-flow wp-block-column-is-layout-flow\">\n<h4 class=\"wp-block-heading\" id=\"am\u00e9liorer-le-bien-\u00eatre-des-enfants-hospitalis\u00e9s-et-soutenir-leurs-parents\">Am\u00e9liorer le bien-\u00eatre des enfants op\u00e9r\u00e9s et soutenir leurs parents<\/h4>\n\n\n\n<p><strong>Pour les enfants&nbsp;<\/strong><br>L\u2019association fait en sorte de r\u00e9duire l\u2019anxi\u00e9t\u00e9 des enfants op\u00e9r\u00e9s, elle minimise la pr\u00e9m\u00e9dication et facilite le retour \u00e0 domicile gr\u00e2ce \u00e0 ses actions (doudou, jeu interactif sur tablette\u2026)<\/p>\n\n\n\n<p><strong>Pour les parents&nbsp;<\/strong><br>Gr\u00e2ce aux actions mises en place pour r\u00e9duire le stress des enfants, les parents sont plus apais\u00e9s. Une application est aussi mise en place afin de notifier les parents sur les \u00e9tapes de prise en charge des enfants.<\/p>\n\n\n\n<p><strong>Pour le d\u00e9veloppement durable&nbsp;<\/strong><br>Le financement de l\u2019association se fait aussi gr\u00e2ce au d\u00e9veloppement durable. D\u00e8s les premi\u00e8res ann\u00e9es, Les P\u2019tits Doudous ont financ\u00e9 leurs actions gr\u00e2ce \u00e0 la vente de certains d\u00e9chets hospitaliers, qui n\u2019\u00e9taient pas toujours valoris\u00e9s aupr\u00e8s des fili\u00e8res de recyclage.<\/p>\n<\/div>\n<\/div>\n<\/div><\/div>\n\n\n\n<div class=\"wp-block-group has-white-background-color has-background\"><div class=\"wp-block-group__inner-container is-layout-constrained wp-block-group-is-layout-constrained\">\n<h2 class=\"wp-block-heading\"><strong>Nos actions environnementales<\/strong><\/h2>\n\n\n\n<div class=\"wp-block-columns is-layout-flex wp-container-core-columns-is-layout-9d6595d7 wp-block-columns-is-layout-flex\">\n<div class=\"wp-block-column is-layout-flow wp-block-column-is-layout-flow\"><div class=\"wp-block-image\">\n<figure class=\"aligncenter size-large is-resized\"><img decoding=\"async\" width=\"725\" height=\"1024\" data-src=\"https:\/\/www.cvs-avocats.com\/wp-content\/uploads\/2024\/04\/GREEN-IT-725x1024.jpg\" alt=\"\" class=\"wp-image-7002 lazyload\" style=\"--smush-placeholder-width: 725px; --smush-placeholder-aspect-ratio: 725\/1024;width:392px;height:554px\" data-srcset=\"https:\/\/www.cvs-avocats.com\/wp-content\/uploads\/2024\/04\/GREEN-IT-725x1024.jpg 725w, https:\/\/www.cvs-avocats.com\/wp-content\/uploads\/2024\/04\/GREEN-IT-212x300.jpg 212w, https:\/\/www.cvs-avocats.com\/wp-content\/uploads\/2024\/04\/GREEN-IT-768x1085.jpg 768w, https:\/\/www.cvs-avocats.com\/wp-content\/uploads\/2024\/04\/GREEN-IT.jpg 800w\" data-sizes=\"(max-width: 725px) 100vw, 725px\" src=\"data:image\/svg+xml;base64,PHN2ZyB3aWR0aD0iMSIgaGVpZ2h0PSIxIiB4bWxucz0iaHR0cDovL3d3dy53My5vcmcvMjAwMC9zdmciPjwvc3ZnPg==\" \/><\/figure>\n<\/div><\/div>\n\n\n\n<div class=\"wp-block-column is-layout-flow wp-block-column-is-layout-flow\">\n<p><strong>Bilan Carbone<\/strong> : nous avons effectu\u00e9 un bilan carbone en 2024 et avons mis en place des actions correctives \u00e0 la suite des r\u00e9sultats de celui-ci.<\/p>\n\n\n\n<p><strong>Green IT<\/strong> <strong>&#8211; Data <\/strong>: toutes les donn\u00e9es de nos bureaux sont stock\u00e9es dans des Data Centres \u00ab&nbsp;\u00e9cologiques&nbsp;\u00bb fournissant un PUE (ratio d\u2019efficacit\u00e9 \u00e9nerg\u00e9tique) bas. Le site internet du cabinet est par ailleurs h\u00e9berg\u00e9 depuis 2020 sur des serveurs \u00e0 neutralit\u00e9 carbone.<br>&nbsp;<\/p>\n\n\n\n<p><strong>Green IT &#8211; Mat\u00e9riel :<\/strong> A l\u2019issue de notre bilan carbone r\u00e9alis\u00e9 en 2024, le cabinet a choisi de privil\u00e9gier, d\u00e8s que cela est possible, l\u2019achat de mat\u00e9riel reconditionn\u00e9. Cette mesure nous permet de limiter l\u2019empreinte carbone de nos activit\u00e9s.<br>&nbsp;<\/p>\n\n\n\n<p><strong>Performance \u00c9nerg\u00e9tique des b\u00e2timents :<\/strong> nous sommes engag\u00e9s dans une d\u00e9marche d&rsquo;optimisation de la performance \u00e9nerg\u00e9tique de nos bureaux, d\u00e8s que cela est possible. Nos nouveaux bureaux \u00e0 Rennes sont Labellis\u00e9s HQE B\u00e2timent Durable et affichent une consommation \u00e9nerg\u00e9tique inf\u00e9rieure de 40% au seuil exig\u00e9.<\/p>\n\n\n\n<div style=\"height:49px\" aria-hidden=\"true\" class=\"wp-block-spacer\"><\/div>\n<\/div>\n<\/div>\n\n\n\n<div class=\"wp-block-columns is-layout-flex wp-container-core-columns-is-layout-9d6595d7 wp-block-columns-is-layout-flex\">\n<div class=\"wp-block-column is-layout-flow wp-block-column-is-layout-flow\">\n<p><strong>Limiter les d\u00e9placements inutiles<\/strong> : le cabinet a recours aux r\u00e9unions, conf\u00e9rences et formations \u00e0 distance, d\u00e8s que cela est pertinent. A cette fin, chaque bureau est \u00e9quip\u00e9 d\u2019une ou plusieurs salles de visioconf\u00e9rence et chaque collaborateur dispose d\u2019une licence Teams.&nbsp;<\/p>\n\n\n\n<p>Nous privil\u00e9gions \u00e9galement, dans la mesure du possible,&nbsp;<strong>les d\u00e9placements intercit\u00e9s en train&nbsp;<\/strong>lorsqu\u2019ils sont n\u00e9cessaires.<\/p>\n\n\n\n<p>Nous encourageons \u00e9galement nos \u00e9quipes \u00e0 venir au bureau en v\u00e9lo, avec la mise en place, quand cela est possible, de&nbsp;<strong>parkings \u00e0 v\u00e9los&nbsp;<\/strong>au sein de nos bureaux, en remplacement \u00e9ventuellement de parking voitures.<\/p>\n<\/div>\n\n\n\n<div class=\"wp-block-column is-layout-flow wp-block-column-is-layout-flow\"><div class=\"wp-block-image\">\n<figure class=\"aligncenter size-full\"><img decoding=\"async\" width=\"458\" height=\"611\" data-src=\"https:\/\/www.cvs-avocats.com\/wp-content\/uploads\/2024\/04\/velo-edited-1.jpg\" alt=\"\" class=\"wp-image-7014 lazyload\" data-srcset=\"https:\/\/www.cvs-avocats.com\/wp-content\/uploads\/2024\/04\/velo-edited-1.jpg 458w, https:\/\/www.cvs-avocats.com\/wp-content\/uploads\/2024\/04\/velo-edited-1-225x300.jpg 225w\" data-sizes=\"(max-width: 458px) 100vw, 458px\" src=\"data:image\/svg+xml;base64,PHN2ZyB3aWR0aD0iMSIgaGVpZ2h0PSIxIiB4bWxucz0iaHR0cDovL3d3dy53My5vcmcvMjAwMC9zdmciPjwvc3ZnPg==\" style=\"--smush-placeholder-width: 458px; --smush-placeholder-aspect-ratio: 458\/611;\" \/><\/figure>\n<\/div><\/div>\n<\/div>\n\n\n\n<div style=\"height:90px\" aria-hidden=\"true\" class=\"wp-block-spacer\"><\/div>\n\n\n\n<div class=\"wp-block-columns is-layout-flex wp-container-core-columns-is-layout-9d6595d7 wp-block-columns-is-layout-flex\">\n<div class=\"wp-block-column is-layout-flow wp-block-column-is-layout-flow\"><div class=\"wp-block-image\">\n<figure class=\"aligncenter size-full is-resized\"><img decoding=\"async\" width=\"515\" height=\"691\" data-src=\"https:\/\/www.cvs-avocats.com\/wp-content\/uploads\/2024\/04\/ENGAGEMENTS-ENVIRONNEMENTAUX.jpg\" alt=\"\" class=\"wp-image-7018 lazyload\" style=\"--smush-placeholder-width: 515px; --smush-placeholder-aspect-ratio: 515\/691;width:402px;height:539px\" data-srcset=\"https:\/\/www.cvs-avocats.com\/wp-content\/uploads\/2024\/04\/ENGAGEMENTS-ENVIRONNEMENTAUX.jpg 515w, https:\/\/www.cvs-avocats.com\/wp-content\/uploads\/2024\/04\/ENGAGEMENTS-ENVIRONNEMENTAUX-224x300.jpg 224w\" data-sizes=\"(max-width: 515px) 100vw, 515px\" src=\"data:image\/svg+xml;base64,PHN2ZyB3aWR0aD0iMSIgaGVpZ2h0PSIxIiB4bWxucz0iaHR0cDovL3d3dy53My5vcmcvMjAwMC9zdmciPjwvc3ZnPg==\" \/><\/figure>\n<\/div><\/div>\n\n\n\n<div class=\"wp-block-column is-layout-flow wp-block-column-is-layout-flow\">\n<p><strong>Engager des prestataires locaux<\/strong><br>Nous nous effor\u00e7ons, d\u00e8s que possible, d\u2019engager des prestataires locaux et de choisir des produits responsables.&nbsp;<br>&nbsp;<\/p>\n\n\n\n<p><strong>D\u00e9mat\u00e9rialisation des documents<\/strong><br>Le cabinet a mis en place une politique de d\u00e9mat\u00e9rialisation des documents afin de r\u00e9duire sa consommation de papier.<br><br>Cette politique s&rsquo;est notamment traduite par l&rsquo;usage de solutions d\u00e9mat\u00e9rialis\u00e9es pour notre pratique, le choix d\u2019abonnements en ligne aux bases de documentation plut\u00f4t que leur version papier ou encore la digitalisation de notre processus onboarding des nouveaux membres de nos \u00e9quipes.<br><br>\u00c0 la suite de la mise en place de ces actions, le cabinet a relev\u00e9 une baisse de 30% de sa consommation de papier.<\/p>\n<\/div>\n<\/div>\n\n\n\n<div style=\"height:90px\" aria-hidden=\"true\" class=\"wp-block-spacer\"><\/div>\n\n\n\n<div class=\"wp-block-columns is-layout-flex wp-container-core-columns-is-layout-9d6595d7 wp-block-columns-is-layout-flex\">\n<div class=\"wp-block-column is-layout-flow wp-block-column-is-layout-flow\">\n<p><strong>R\u00e9duction de la consommation de contenants plastiques <\/strong>: pour mettre fin \u00e0 l&rsquo;utilisation des bouteilles plastiques, le cabinet a install\u00e9 des fontaines \u00e0 eaux et distribu\u00e9 \u00e0 l&rsquo;ensemble des avocats et salari\u00e9s des gourdes. \u00c0 la suite de la mise en place de cette action, le cabinet a enregistr\u00e9 une baisse de 47% de consommation de bouteilles plastique.<\/p>\n\n\n\n<p><strong>Tri et valorisation des d\u00e9chets :  <\/strong>une politique de tri et de valorisation des d\u00e9chets est mise en place dans nos bureaux chaque fois que la configuration des locaux le permet. Nous nous appuyons sur des prestataires externes afin de mettre en place des points de collecte (carton, papier, biod\u00e9chets, verre, cartouches d&rsquo;encre, ampoules\u2026) et assurer la collecte des d\u00e9chets.<\/p>\n<\/div>\n\n\n\n<div class=\"wp-block-column is-layout-flow wp-block-column-is-layout-flow\"><div class=\"wp-block-image\">\n<figure class=\"aligncenter size-full\"><img decoding=\"async\" width=\"665\" height=\"946\" data-src=\"https:\/\/www.cvs-avocats.com\/wp-content\/uploads\/2024\/04\/REDUCTION-DECHETS.jpg\" alt=\"\" class=\"wp-image-7085 lazyload\" data-srcset=\"https:\/\/www.cvs-avocats.com\/wp-content\/uploads\/2024\/04\/REDUCTION-DECHETS.jpg 665w, https:\/\/www.cvs-avocats.com\/wp-content\/uploads\/2024\/04\/REDUCTION-DECHETS-211x300.jpg 211w\" data-sizes=\"(max-width: 665px) 100vw, 665px\" src=\"data:image\/svg+xml;base64,PHN2ZyB3aWR0aD0iMSIgaGVpZ2h0PSIxIiB4bWxucz0iaHR0cDovL3d3dy53My5vcmcvMjAwMC9zdmciPjwvc3ZnPg==\" style=\"--smush-placeholder-width: 665px; --smush-placeholder-aspect-ratio: 665\/946;\" \/><\/figure>\n<\/div>\n\n\n<div style=\"height:69px\" aria-hidden=\"true\" class=\"wp-block-spacer\"><\/div>\n<\/div>\n<\/div>\n<\/div><\/div>\n\n\n\n<div class=\"wp-block-group has-lightgrey-background-color has-background\"><div class=\"wp-block-group__inner-container is-layout-constrained wp-block-group-is-layout-constrained\">\n<h2 class=\"wp-block-heading\"><strong>Nos actions soci\u00e9tales<\/strong><\/h2>\n\n\n\n<div class=\"wp-block-columns is-layout-flex wp-container-core-columns-is-layout-9d6595d7 wp-block-columns-is-layout-flex\">\n<div class=\"wp-block-column is-layout-flow wp-block-column-is-layout-flow\"><div class=\"wp-block-image\">\n<figure class=\"aligncenter size-full is-resized\"><img decoding=\"async\" width=\"513\" height=\"691\" data-src=\"https:\/\/www.cvs-avocats.com\/wp-content\/uploads\/2024\/04\/TELETRAVAIL.jpg\" alt=\"\" class=\"wp-image-7024 lazyload\" style=\"--smush-placeholder-width: 513px; --smush-placeholder-aspect-ratio: 513\/691;width:396px;height:533px\" data-srcset=\"https:\/\/www.cvs-avocats.com\/wp-content\/uploads\/2024\/04\/TELETRAVAIL.jpg 513w, https:\/\/www.cvs-avocats.com\/wp-content\/uploads\/2024\/04\/TELETRAVAIL-223x300.jpg 223w\" data-sizes=\"(max-width: 513px) 100vw, 513px\" src=\"data:image\/svg+xml;base64,PHN2ZyB3aWR0aD0iMSIgaGVpZ2h0PSIxIiB4bWxucz0iaHR0cDovL3d3dy53My5vcmcvMjAwMC9zdmciPjwvc3ZnPg==\" \/><\/figure>\n<\/div><\/div>\n\n\n\n<div class=\"wp-block-column is-layout-flow wp-block-column-is-layout-flow\">\n<h3 class=\"wp-block-heading\">Favoriser le bien-\u00eatre de nos \u00e9quipes<\/h3>\n\n\n\n<p><strong>Donner acc\u00e8s au t\u00e9l\u00e9travail<\/strong>&nbsp;<br>Les salari\u00e9s et les avocats du cabinet peuvent b\u00e9n\u00e9ficier d\u2019un temps de t\u00e9l\u00e9travail, en fonction de l\u2019organisation de chaque \u00e9quipe.<br><br>Le cabinet a mis \u00e0 disposition de tous, du mat\u00e9riel adapt\u00e9 afin de faciliter la pratique du t\u00e9l\u00e9travail (ordinateur portable, acc\u00e8s teams\u2026)<br>&nbsp;<\/p>\n\n\n\n<p><strong>Encourager les pratiques sportives<\/strong><br>Nous soutenons et organisons des \u00e9v\u00e9nements sportifs au sein du cabinet : courses \u00e0 pied (Odyssea, Juris\u2019Run\u2026), challenge sportif connect\u00e9, concours de babyfoot\u2026<\/p>\n\n\n\n<div style=\"height:60px\" aria-hidden=\"true\" class=\"wp-block-spacer\"><\/div>\n<\/div>\n<\/div>\n\n\n\n<div style=\"height:81px\" aria-hidden=\"true\" class=\"wp-block-spacer\"><\/div>\n\n\n\n<div class=\"wp-block-columns is-layout-flex wp-container-core-columns-is-layout-9d6595d7 wp-block-columns-is-layout-flex\">\n<div class=\"wp-block-column is-layout-flow wp-block-column-is-layout-flow\">\n<h3 class=\"wp-block-heading\" id=\"formation-nos-engagements\">Formation : nos engagements<a href=\"https:\/\/cvsavocats.sharepoint.com\/sites\/CVSLive\/SitePages\/Entrepreneuriat-Familial.aspx#formation-nos-engagements\"><\/a><\/h3>\n\n\n\n<p>En tant que cabinet d&rsquo;avocats, nous sommes tenus \u00e0 une obligation de&nbsp;<strong>formation continue&nbsp;<\/strong>pour tous les avocats de nos \u00e9quipes. Pour les salari\u00e9s, le Cabinet  a mis en place<strong> un plan de d\u00e9veloppement de comp\u00e9tences <\/strong>et organise \u00e0 intervalle r\u00e9gulier des entretiens professionnels individuels au cours duquel sont fix\u00e9s des objectifs de comp\u00e9tence et de formation.<\/p>\n\n\n\n<p><strong>De nombreux avocats de nos \u00e9quipes sont, en plus de leur activit\u00e9, intervenants dans des formations acad\u00e9miques&nbsp;<\/strong>(DJCE, Masters\u2026) dans la plupart des m\u00e9tropoles o\u00f9 nous sommes implant\u00e9s. Le cabinet est par ailleurs certifi\u00e9 Qualiopi pour ses actions de formation et dispense des formations aupr\u00e8s de professionnels.<\/p>\n\n\n\n<div style=\"height:60px\" aria-hidden=\"true\" class=\"wp-block-spacer\"><\/div>\n<\/div>\n\n\n\n<div class=\"wp-block-column is-layout-flow wp-block-column-is-layout-flow\"><div class=\"wp-block-image\">\n<figure class=\"aligncenter size-large\"><img decoding=\"async\" width=\"772\" height=\"1024\" data-src=\"https:\/\/www.cvs-avocats.com\/wp-content\/uploads\/2024\/04\/FORMATION-772x1024.jpg\" alt=\"\" class=\"wp-image-7034 lazyload\" data-srcset=\"https:\/\/www.cvs-avocats.com\/wp-content\/uploads\/2024\/04\/FORMATION-772x1024.jpg 772w, https:\/\/www.cvs-avocats.com\/wp-content\/uploads\/2024\/04\/FORMATION-226x300.jpg 226w, https:\/\/www.cvs-avocats.com\/wp-content\/uploads\/2024\/04\/FORMATION-768x1019.jpg 768w, https:\/\/www.cvs-avocats.com\/wp-content\/uploads\/2024\/04\/FORMATION.jpg 1005w\" data-sizes=\"(max-width: 772px) 100vw, 772px\" src=\"data:image\/svg+xml;base64,PHN2ZyB3aWR0aD0iMSIgaGVpZ2h0PSIxIiB4bWxucz0iaHR0cDovL3d3dy53My5vcmcvMjAwMC9zdmciPjwvc3ZnPg==\" style=\"--smush-placeholder-width: 772px; --smush-placeholder-aspect-ratio: 772\/1024;\" \/><\/figure>\n<\/div><\/div>\n<\/div>\n\n\n\n<div class=\"wp-block-columns is-layout-flex wp-container-core-columns-is-layout-9d6595d7 wp-block-columns-is-layout-flex\">\n<div class=\"wp-block-column is-layout-flow wp-block-column-is-layout-flow\"><div class=\"wp-block-image\">\n<figure class=\"aligncenter size-large is-resized\"><img decoding=\"async\" width=\"770\" height=\"1024\" data-src=\"https:\/\/www.cvs-avocats.com\/wp-content\/uploads\/2024\/04\/INSERTION-PROFESSIONNELLE-770x1024.jpg\" alt=\"\" class=\"wp-image-7043 lazyload\" style=\"--smush-placeholder-width: 770px; --smush-placeholder-aspect-ratio: 770\/1024;width:392px;height:521px\" data-srcset=\"https:\/\/www.cvs-avocats.com\/wp-content\/uploads\/2024\/04\/INSERTION-PROFESSIONNELLE-770x1024.jpg 770w, https:\/\/www.cvs-avocats.com\/wp-content\/uploads\/2024\/04\/INSERTION-PROFESSIONNELLE-226x300.jpg 226w, https:\/\/www.cvs-avocats.com\/wp-content\/uploads\/2024\/04\/INSERTION-PROFESSIONNELLE-768x1021.jpg 768w, https:\/\/www.cvs-avocats.com\/wp-content\/uploads\/2024\/04\/INSERTION-PROFESSIONNELLE.jpg 1027w\" data-sizes=\"(max-width: 770px) 100vw, 770px\" src=\"data:image\/svg+xml;base64,PHN2ZyB3aWR0aD0iMSIgaGVpZ2h0PSIxIiB4bWxucz0iaHR0cDovL3d3dy53My5vcmcvMjAwMC9zdmciPjwvc3ZnPg==\" \/><\/figure>\n<\/div><\/div>\n\n\n\n<div class=\"wp-block-column is-layout-flow wp-block-column-is-layout-flow\">\n<h3 class=\"wp-block-heading\" id=\"favoriser-la-diversit\u00e9-et-l\u2019insertion-professionnelles-au-sein-de-nos-\u00e9quipes\">Favoriser la diversit\u00e9 et l\u2019insertion professionnelles <a href=\"https:\/\/cvsavocats.sharepoint.com\/sites\/CVSLive\/SitePages\/Entrepreneuriat-Familial.aspx#favoriser-la-diversit%C3%A9-et-l%E2%80%99insertion-professionnelles-au-sein-de-nos-%C3%A9quipes\"><\/a><\/h3>\n\n\n\n<p><strong>Egalit\u00e9 hommes\/femmes :&nbsp;<\/strong>plus de 65% de nos effectifs, toutes fonctions confondues, sont des femmes. Au cours des 3 derni\u00e8res ann\u00e9es, une majorit\u00e9 des associ\u00e9s coopt\u00e9s \u00e9taient des femmes (64%).<\/p>\n\n\n\n<p>En 2025, notre<strong> index de l&rsquo;\u00e9galit\u00e9 professionnelle femmes-hommes<\/strong> \u00e9tait le suivant : <\/p>\n\n\n\n<ul class=\"wp-block-list\">\n<li>Indicateur relatif \u00e0 l&rsquo;\u00e9cart de r\u00e9mun\u00e9ration : non calculable<\/li>\n\n\n\n<li>Indicateur relatif \u00e0 l&rsquo;\u00e9cart de taux d&rsquo;augmentations individuelles : 35 points \/ 35<\/li>\n\n\n\n<li>Indicateur relatif au % de salari\u00e9es ayant b\u00e9n\u00e9fici\u00e9 d&rsquo;une augmentation dans l&rsquo;ann\u00e9e de leur retour de cong\u00e9 maternit\u00e9 : 15 points \/ 15<\/li>\n\n\n\n<li>Indicateur relatif au nombre de salari\u00e9s du sexe sous-repr\u00e9sent\u00e9 parmi les 10 plus hautes r\u00e9mun\u00e9rations : 10 points \/ 10<\/li>\n\n\n\n<li>R\u00e9sultat final sur 100 points : non calculable<\/li>\n<\/ul>\n\n\n\n<p><strong>Personnes en situation de handicap :&nbsp;<\/strong>le cabinet met en \u0153uvre plusieurs actions en faveur des personnes en situation de handicap notamment via l&rsquo;achat de fournitures aupr\u00e8s d&rsquo;ateliers prot\u00e9g\u00e9s qui emploient des personnes en situation de handicap et le soutien \u00e0 des associations. <\/p>\n\n\n\n<p><strong>Int\u00e9gration de jeunes dipl\u00f4m\u00e9s :&nbsp;<\/strong>25% de nos effectifs sont constitu\u00e9s de jeunes dipl\u00f4m\u00e9s (salari\u00e9s dipl\u00f4m\u00e9s ou avocats ayant pr\u00eat\u00e9s serment depuis moins de 5 ans) et de salari\u00e9s en alternance (une dizaine en permanence). Nous accueillons \u00e9galement tout au long de l&rsquo;ann\u00e9e de nombreux stagiaires et \u00e9l\u00e8ves-avocats et veille \u00e0 leur r\u00e9ussite scolaire.<br><br><strong>Seniors :&nbsp;<\/strong>Les seniors (plus de 55 ans) repr\u00e9sentent environ 15% de notre effectif global.<\/p>\n<\/div>\n<\/div>\n\n\n\n<div style=\"height:83px\" aria-hidden=\"true\" class=\"wp-block-spacer\"><\/div>\n\n\n\n<div class=\"wp-block-columns is-layout-flex wp-container-core-columns-is-layout-9d6595d7 wp-block-columns-is-layout-flex\">\n<div class=\"wp-block-column is-layout-flow wp-block-column-is-layout-flow\">\n<h3 class=\"wp-block-heading\" id=\"soutien-\u00e0-des-associations\">Un pas concret pour l&rsquo;inclusion : notre cabinet fait bouger les lignes<\/h3>\n\n\n\n<p><strong>Le cabinet travaille avec l&rsquo;entreprise cHam\u00e9l\u00e9ons,<\/strong>&nbsp;entreprise sociale et solidaire dont la mission est de favoriser l&rsquo;acc\u00e8s \u00e0 un emploi durable pour les personnes en situation de handicap mental et cognitif, tout en accompagnant les employeurs dans cette d\u00e9marche. Une approche innovante qui transforme le handicap en atour au sein des organisations.<\/p>\n\n\n\n<p><strong>Aujourd&rsquo;hui, le cabinet accueille une personne au sein de son bureau parisien,<\/strong>&nbsp;int\u00e9gr\u00e9 \u00e0 l&rsquo;\u00e9quipe avec le soutien personnalis\u00e9 de cHam\u00e9l\u00e9ons, et d&rsquo;autres recrutements sont en cours.<\/p>\n<\/div>\n\n\n\n<div class=\"wp-block-column is-layout-flow wp-block-column-is-layout-flow\">\n<figure class=\"wp-block-image size-full\"><img decoding=\"async\" width=\"900\" height=\"1000\" data-src=\"https:\/\/www.cvs-avocats.com\/wp-content\/uploads\/2025\/07\/Chameleons.jpg\" alt=\"\" class=\"wp-image-14773 lazyload\" data-srcset=\"https:\/\/www.cvs-avocats.com\/wp-content\/uploads\/2025\/07\/Chameleons.jpg 900w, https:\/\/www.cvs-avocats.com\/wp-content\/uploads\/2025\/07\/Chameleons-270x300.jpg 270w, https:\/\/www.cvs-avocats.com\/wp-content\/uploads\/2025\/07\/Chameleons-768x853.jpg 768w\" data-sizes=\"(max-width: 900px) 100vw, 900px\" src=\"data:image\/svg+xml;base64,PHN2ZyB3aWR0aD0iMSIgaGVpZ2h0PSIxIiB4bWxucz0iaHR0cDovL3d3dy53My5vcmcvMjAwMC9zdmciPjwvc3ZnPg==\" style=\"--smush-placeholder-width: 900px; --smush-placeholder-aspect-ratio: 900\/1000;\" \/><\/figure>\n<\/div>\n<\/div>\n\n\n\n<div style=\"height:83px\" aria-hidden=\"true\" class=\"wp-block-spacer\"><\/div>\n\n\n\n<div class=\"wp-block-columns is-layout-flex wp-container-core-columns-is-layout-9d6595d7 wp-block-columns-is-layout-flex\">\n<div class=\"wp-block-column is-layout-flow wp-block-column-is-layout-flow\">\n<figure class=\"wp-block-image size-large\"><img decoding=\"async\" width=\"764\" height=\"1024\" data-src=\"https:\/\/www.cvs-avocats.com\/wp-content\/uploads\/2024\/04\/ASSOCIATIONS-764x1024.jpg\" alt=\"\" class=\"wp-image-7047 lazyload\" data-srcset=\"https:\/\/www.cvs-avocats.com\/wp-content\/uploads\/2024\/04\/ASSOCIATIONS-764x1024.jpg 764w, https:\/\/www.cvs-avocats.com\/wp-content\/uploads\/2024\/04\/ASSOCIATIONS-224x300.jpg 224w, https:\/\/www.cvs-avocats.com\/wp-content\/uploads\/2024\/04\/ASSOCIATIONS-768x1029.jpg 768w, https:\/\/www.cvs-avocats.com\/wp-content\/uploads\/2024\/04\/ASSOCIATIONS.jpg 1000w\" data-sizes=\"(max-width: 764px) 100vw, 764px\" src=\"data:image\/svg+xml;base64,PHN2ZyB3aWR0aD0iMSIgaGVpZ2h0PSIxIiB4bWxucz0iaHR0cDovL3d3dy53My5vcmcvMjAwMC9zdmciPjwvc3ZnPg==\" style=\"--smush-placeholder-width: 764px; --smush-placeholder-aspect-ratio: 764\/1024;\" \/><\/figure>\n<\/div>\n\n\n\n<div class=\"wp-block-column is-layout-flow wp-block-column-is-layout-flow\">\n<h3 class=\"wp-block-heading\" id=\"soutien-\u00e0-des-associations\">Soutien \u00e0 des associations<a href=\"https:\/\/cvsavocats.sharepoint.com\/sites\/CVSLive\/SitePages\/Entrepreneuriat-Familial.aspx#soutien-%C3%A0-des-associations\"><\/a><\/h3>\n\n\n\n<p><strong>Parmi les associations soutenues ces derni\u00e8res ann\u00e9es :&nbsp;<\/strong>The Arch, Action enfance, Apprentis d&rsquo;Auteuil, Avocoeurs, Providenti\u2019elles, \u00ab&nbsp;Aidons Marina&nbsp;\u00bb, ADAPEI 44, La Maison de Nicod\u00e8me, France Innovation, Miaggo, A Galon Vat, Finance Innovation\u2026&nbsp;<\/p>\n\n\n\n<p>Nous soutenons \u00e9galement plusieurs fondations, clubs et \u00e9v\u00e8nements sportifs, en phase avec les valeurs du cabinet.<\/p>\n\n\n\n<div style=\"height:60px\" aria-hidden=\"true\" class=\"wp-block-spacer\"><\/div>\n<\/div>\n<\/div>\n<\/div><\/div>\n<\/div><\/div>\n","protected":false},"excerpt":{"rendered":"<p>Un Comit\u00e9 RSE pilote les actions du cabinet visant \u00e0 am\u00e9liorer notre impact soci\u00e9tal et environnemental dans l\u2019ensemble de nos 6 bureaux en France. Nous avons par ailleurs mis en place des dispositifs nationaux se d\u00e9ployant sur plusieurs ann\u00e9es afin de soutenir des projets en phase avec nos valeurs.<\/p>\n","protected":false},"author":7,"featured_media":7324,"parent":0,"menu_order":0,"comment_status":"closed","ping_status":"closed","template":"","meta":{"_acf_changed":false,"footnotes":""},"class_list":["post-4374","page","type-page","status-publish","has-post-thumbnail","hentry"],"acf":[],"_links":{"self":[{"href":"https:\/\/www.cvs-avocats.com\/fr\/wp-json\/wp\/v2\/pages\/4374","targetHints":{"allow":["GET"]}}],"collection":[{"href":"https:\/\/www.cvs-avocats.com\/fr\/wp-json\/wp\/v2\/pages"}],"about":[{"href":"https:\/\/www.cvs-avocats.com\/fr\/wp-json\/wp\/v2\/types\/page"}],"author":[{"embeddable":true,"href":"https:\/\/www.cvs-avocats.com\/fr\/wp-json\/wp\/v2\/users\/7"}],"replies":[{"embeddable":true,"href":"https:\/\/www.cvs-avocats.com\/fr\/wp-json\/wp\/v2\/comments?post=4374"}],"version-history":[{"count":0,"href":"https:\/\/www.cvs-avocats.com\/fr\/wp-json\/wp\/v2\/pages\/4374\/revisions"}],"wp:featuredmedia":[{"embeddable":true,"href":"https:\/\/www.cvs-avocats.com\/fr\/wp-json\/wp\/v2\/media\/7324"}],"wp:attachment":[{"href":"https:\/\/www.cvs-avocats.com\/fr\/wp-json\/wp\/v2\/media?parent=4374"}],"curies":[{"name":"wp","href":"https:\/\/api.w.org\/{rel}","templated":true}]}}