{"id":4342,"date":"2019-06-20T13:28:08","date_gmt":"2019-06-20T11:28:08","guid":{"rendered":"https:\/\/www.cvs-avocats.com\/a-propos\/"},"modified":"2025-11-06T12:15:04","modified_gmt":"2025-11-06T11:15:04","slug":"a-propos","status":"publish","type":"page","link":"https:\/\/www.cvs-avocats.com\/fr\/a-propos\/","title":{"rendered":"\u00c0 Propos"},"content":{"rendered":"\n<div class=\"wp-block-group\" style=\"padding-top:0;padding-bottom:0\"><div class=\"wp-block-group__inner-container is-layout-constrained wp-block-group-is-layout-constrained\">\n<div style=\"height:100px\" aria-hidden=\"true\" class=\"wp-block-spacer\"><\/div>\n\n\n\n<div class=\"wp-block-columns is-layout-flex wp-container-core-columns-is-layout-9d6595d7 wp-block-columns-is-layout-flex\">\n<div class=\"wp-block-column is-layout-flow wp-block-column-is-layout-flow\">\n<h2 class=\"wp-block-heading has-text-align-center\">+225<\/h2>\n\n\n\n<p class=\"has-text-align-center\">Avocats &amp; Juristes<\/p>\n<\/div>\n\n\n\n<div class=\"wp-block-column is-layout-flow wp-block-column-is-layout-flow\">\n<h2 class=\"wp-block-heading has-text-align-center\">49 M\u20ac<\/h2>\n\n\n\n<p class=\"has-text-align-center\">Chiffre d&rsquo;affaires<\/p>\n<\/div>\n\n\n\n<div class=\"wp-block-column is-layout-flow wp-block-column-is-layout-flow\">\n<h2 class=\"wp-block-heading has-text-align-center\">6<\/h2>\n\n\n\n<p class=\"has-text-align-center\">M\u00e9tropoles dynamiques<\/p>\n<\/div>\n<\/div>\n<\/div><\/div>\n\n\n\n<div class=\"wp-block-group\"><div class=\"wp-block-group__inner-container is-layout-constrained wp-block-group-is-layout-constrained\">\n<hr class=\"wp-block-separator has-alpha-channel-opacity\"\/>\n\n\n\n<div style=\"height:100px\" aria-hidden=\"true\" class=\"wp-block-spacer\"><\/div>\n\n\n\n<p>Cr\u00e9\u00e9 \u00e0 Nantes en 1972, Cornet Vincent S\u00e9gurel est\u00a0<strong>l\u2019un des premiers cabinets d\u2019avocats ind\u00e9pendants fran\u00e7ais<\/strong>. Il regroupe\u00a0<strong>plus de<\/strong>\u00a0<strong>225\u00a0avocats<\/strong>\u00a0implant\u00e9s dans\u00a0<strong>6 des m\u00e9tropoles les plus dynamiques<\/strong>\u00a0du territoire : Bordeaux, Lille, Lyon, Nantes, Paris et Rennes. A l&rsquo;international, le cabinet est\u00a0<strong>acteur de 3 r\u00e9seaux couvrant pr\u00e8s de 80 pays<\/strong>\u00a0\u00e0 travers le monde.<\/p>\n\n\n\n<div style=\"height:20px\" aria-hidden=\"true\" class=\"wp-block-spacer\"><\/div>\n\n\n\n<h2 class=\"wp-block-heading\">Des avocats au service de vos ambitions<\/h2>\n\n\n\n<p>Nous accompagnons des <strong>groupes industriels et de services<\/strong>, des <strong>ETI<\/strong>, des <strong>PME<\/strong>, des <strong>institutions financi\u00e8res<\/strong>, des <strong>fonds d&rsquo;investissement<\/strong>, des <strong>collectivit\u00e9s <\/strong>et <strong>organismes publics<\/strong>, des <strong>associations <\/strong>et <strong>fondations<\/strong> ou encore des <strong>dirigeants<\/strong> avec une vision moderne de l\u2019expertise juridique. Notre objectif&nbsp;: faire du droit un atout pour&nbsp;<strong>concr\u00e9tiser leurs projets et d\u00e9fendre leurs int\u00e9r\u00eats<\/strong> en r\u00e9pondant \u00e0 leurs besoins de fa\u00e7on pr\u00e9cise et op\u00e9rationnelle.<\/p>\n\n\n\n<div style=\"height:20px\" aria-hidden=\"true\" class=\"wp-block-spacer\"><\/div>\n\n\n\n<h2 class=\"wp-block-heading\">Le droit d&rsquo;un monde nouveau<\/h2>\n\n\n\n<p>Parce que le monde conna\u00eet des mutations rapides, nous sommes <strong>aux c\u00f4t\u00e9s de nos clients pour les aider \u00e0 r\u00e9ussir leurs grandes transitions<\/strong>. Au c\u0153ur des territoires r\u00e9gionaux les plus dynamiques, acteurs majeurs de plusieurs r\u00e9seaux internationaux, connaisseurs pointus des secteurs d\u2019activit\u00e9s de nos clients, nous sommes pour eux <strong>facilitateurs de&nbsp;transformations<\/strong>.<\/p>\n\n\n\n<figure class=\"wp-block-image size-large\"><img decoding=\"async\" width=\"1024\" height=\"384\" data-src=\"https:\/\/www.cvs-avocats.com\/wp-content\/uploads\/2024\/04\/MONDE-NOUVEAU-1920x720-1-1024x384.jpg\" alt=\"\" class=\"wp-image-6727 lazyload\" data-srcset=\"https:\/\/www.cvs-avocats.com\/wp-content\/uploads\/2024\/04\/MONDE-NOUVEAU-1920x720-1-1024x384.jpg 1024w, https:\/\/www.cvs-avocats.com\/wp-content\/uploads\/2024\/04\/MONDE-NOUVEAU-1920x720-1-300x113.jpg 300w, https:\/\/www.cvs-avocats.com\/wp-content\/uploads\/2024\/04\/MONDE-NOUVEAU-1920x720-1-768x288.jpg 768w, https:\/\/www.cvs-avocats.com\/wp-content\/uploads\/2024\/04\/MONDE-NOUVEAU-1920x720-1-1536x576.jpg 1536w, https:\/\/www.cvs-avocats.com\/wp-content\/uploads\/2024\/04\/MONDE-NOUVEAU-1920x720-1.jpg 1920w\" data-sizes=\"(max-width: 1024px) 100vw, 1024px\" src=\"data:image\/svg+xml;base64,PHN2ZyB3aWR0aD0iMSIgaGVpZ2h0PSIxIiB4bWxucz0iaHR0cDovL3d3dy53My5vcmcvMjAwMC9zdmciPjwvc3ZnPg==\" style=\"--smush-placeholder-width: 1024px; --smush-placeholder-aspect-ratio: 1024\/384;\" \/><\/figure>\n\n\n\n<div style=\"height:30px\" aria-hidden=\"true\" class=\"wp-block-spacer\"><\/div>\n\n\n\n<h2 class=\"wp-block-heading\">Un partenaire strat\u00e9gique<\/h2>\n\n\n\n<p>Nous nous voyons comme des partenaires de nos clients, en phase avec leurs enjeux. Structurer ou d\u00e9velopper une organisation, nouer des partenariats, g\u00e9rer le capital humain, innover&nbsp;: nous cherchons \u00e0 <strong>imaginer des solutions juridiques permettant de r\u00e9aliser ou de s\u00e9curiser tous les projets<\/strong>. Aussi, l\u2019\u00e9change et le partage sont au c\u0153ur de nos interventions afin d\u2019\u00e9laborer en <strong>co-construction une strat\u00e9gie juridique <\/strong>qui r\u00e9ponde aux objectifs de nos clients.<\/p>\n\n\n\n<div style=\"height:20px\" aria-hidden=\"true\" class=\"wp-block-spacer\"><\/div>\n\n\n\n<h2 class=\"wp-block-heading\">D\u00e9bloquer les situations difficiles<\/h2>\n\n\n\n<p>Nous sommes aussi engag\u00e9s aux c\u00f4t\u00e9s de nos clients pour <strong>trouver des issues positives dans les situations sensibles<\/strong>. La<strong>&nbsp;forte culture de la gestion des diff\u00e9rends et de la n\u00e9gociation&nbsp;<\/strong>est un atout majeur du Cabinet. Nos pratiques du conseil et du contentieux se nourrissent l\u2019une de l\u2019autre afin d\u2019\u00e9laborer des strat\u00e9gies inventives et trouver des solutions aux difficult\u00e9s de nos clients.<\/p>\n\n\n\n<figure class=\"wp-block-image size-large\"><img decoding=\"async\" width=\"1024\" height=\"301\" data-src=\"https:\/\/www.cvs-avocats.com\/wp-content\/uploads\/2024\/04\/DEBLOQUER-LES-SITUATIONS-bandeau-1024x301.jpg\" alt=\"\" class=\"wp-image-6734 lazyload\" data-srcset=\"https:\/\/www.cvs-avocats.com\/wp-content\/uploads\/2024\/04\/DEBLOQUER-LES-SITUATIONS-bandeau-1024x301.jpg 1024w, https:\/\/www.cvs-avocats.com\/wp-content\/uploads\/2024\/04\/DEBLOQUER-LES-SITUATIONS-bandeau-300x88.jpg 300w, https:\/\/www.cvs-avocats.com\/wp-content\/uploads\/2024\/04\/DEBLOQUER-LES-SITUATIONS-bandeau-768x226.jpg 768w, https:\/\/www.cvs-avocats.com\/wp-content\/uploads\/2024\/04\/DEBLOQUER-LES-SITUATIONS-bandeau.jpg 1429w\" data-sizes=\"(max-width: 1024px) 100vw, 1024px\" src=\"data:image\/svg+xml;base64,PHN2ZyB3aWR0aD0iMSIgaGVpZ2h0PSIxIiB4bWxucz0iaHR0cDovL3d3dy53My5vcmcvMjAwMC9zdmciPjwvc3ZnPg==\" style=\"--smush-placeholder-width: 1024px; --smush-placeholder-aspect-ratio: 1024\/301;\" \/><\/figure>\n\n\n\n<div style=\"height:30px\" aria-hidden=\"true\" class=\"wp-block-spacer\"><\/div>\n\n\n\n<h2 class=\"wp-block-heading\">Pluridisciplinarit\u00e9 et transversalit\u00e9<\/h2>\n\n\n\n<p>Nous sommes organis\u00e9s en&nbsp;<strong>p\u00f4les d&rsquo;expertise sp\u00e9cialis\u00e9s&nbsp;<\/strong>travaillant en synergie lorsque la situation le demande. La coh\u00e9sion et l&rsquo;exp\u00e9rience collective de nos \u00e9quipes nous permet de travailler de fa\u00e7on pluridisciplinaire et efficace. Lorsque nos clients en ont besoin,&nbsp;nous savons mobiliser rapidement<strong>&nbsp;un r\u00e9seau de partenaires&nbsp;<\/strong>avec qui nous avons tiss\u00e9 des relations de longue date : professeurs d\u2019universit\u00e9s, cabinets financiers et comptables, notaires, administrateurs de biens, agents et promoteurs immobiliers,&nbsp;cabinets de rapprochement, gestionnaires de crise et consultants, etc.<\/p>\n\n\n\n<div style=\"height:20px\" aria-hidden=\"true\" class=\"wp-block-spacer\"><\/div>\n\n\n\n<h2 class=\"wp-block-heading\">Au plus proche de nos clients<\/h2>\n\n\n\n<p>En France et \u00e0 l\u2019international, des clients issus d&rsquo;une grande diversit\u00e9 de secteurs nous font confiance pour leurs questions juridiques. Nous comprenons leurs <strong>enjeux business <\/strong>pour r\u00e9pondre au mieux \u00e0 tous leurs besoins. Chaque client b\u00e9n\u00e9ficie&nbsp;d\u2019un interlocuteur d\u00e9di\u00e9 et p\u00e9renne, permettant un&nbsp;<strong>suivi personnalis\u00e9<\/strong>&nbsp;de ses dossiers.<\/p>\n<\/div><\/div>\n\n\n\n<div class=\"wp-block-group has-lightgrey-background-color has-background\"><div class=\"wp-block-group__inner-container is-layout-constrained wp-block-group-is-layout-constrained\">\n<h2 class=\"wp-block-heading\">Notre histoire<\/h2>\n\n\n\n<div class=\"wp-block-columns is-layout-flex wp-container-core-columns-is-layout-9d6595d7 wp-block-columns-is-layout-flex\">\n<div class=\"wp-block-column is-layout-flow wp-block-column-is-layout-flow\"><div class=\"wp-block-image\">\n<figure class=\"aligncenter size-full is-resized\"><img decoding=\"async\" width=\"350\" height=\"350\" data-src=\"https:\/\/www.cvs-avocats.com\/wp-content\/uploads\/2024\/04\/NANTES-1972-cornet-vincent-segurel-1.jpg\" alt=\"\" class=\"wp-image-6793 lazyload\" style=\"--smush-placeholder-width: 350px; --smush-placeholder-aspect-ratio: 350\/350;width:250px;height:undefinedpx\" data-srcset=\"https:\/\/www.cvs-avocats.com\/wp-content\/uploads\/2024\/04\/NANTES-1972-cornet-vincent-segurel-1.jpg 350w, https:\/\/www.cvs-avocats.com\/wp-content\/uploads\/2024\/04\/NANTES-1972-cornet-vincent-segurel-1-300x300.jpg 300w, https:\/\/www.cvs-avocats.com\/wp-content\/uploads\/2024\/04\/NANTES-1972-cornet-vincent-segurel-1-150x150.jpg 150w, https:\/\/www.cvs-avocats.com\/wp-content\/uploads\/2024\/04\/NANTES-1972-cornet-vincent-segurel-1-60x60.jpg 60w\" data-sizes=\"(max-width: 350px) 100vw, 350px\" src=\"data:image\/svg+xml;base64,PHN2ZyB3aWR0aD0iMSIgaGVpZ2h0PSIxIiB4bWxucz0iaHR0cDovL3d3dy53My5vcmcvMjAwMC9zdmciPjwvc3ZnPg==\" \/><\/figure>\n<\/div>\n\n\n<div style=\"height:50px\" aria-hidden=\"true\" class=\"wp-block-spacer\"><\/div>\n<\/div>\n\n\n\n<div class=\"wp-block-column is-layout-flow wp-block-column-is-layout-flow\">\n<h3 class=\"wp-block-heading\">1972<\/h3>\n\n\n\n<p><strong>Cr\u00e9ation du cabinet&nbsp;<\/strong>: cr\u00e9ation de la SCP&nbsp;de Jo\u00ebl Cornet et Alexandre Vincent&nbsp;\u00e0 l\u2019occasion de la fusion des professions d\u2019Avocats et d\u2019Avou\u00e9s. Le cabinet de conseil juridique de G\u00e9rard S\u00e9gurel est quant \u00e0 lui cr\u00e9\u00e9 en parall\u00e8le en 1979 \u00e0 Nantes.&nbsp;<\/p>\n<\/div>\n<\/div>\n\n\n\n<div class=\"wp-block-columns is-layout-flex wp-container-core-columns-is-layout-9d6595d7 wp-block-columns-is-layout-flex\">\n<div class=\"wp-block-column is-layout-flow wp-block-column-is-layout-flow\"><div class=\"wp-block-image\">\n<figure class=\"aligncenter size-full is-resized\"><img decoding=\"async\" width=\"350\" height=\"350\" data-src=\"https:\/\/www.cvs-avocats.com\/wp-content\/uploads\/2024\/04\/PARIS-1984-cornet-vincent-segurel.jpg\" alt=\"\" class=\"wp-image-6795 lazyload\" style=\"--smush-placeholder-width: 350px; --smush-placeholder-aspect-ratio: 350\/350;width:250px;height:undefinedpx\" data-srcset=\"https:\/\/www.cvs-avocats.com\/wp-content\/uploads\/2024\/04\/PARIS-1984-cornet-vincent-segurel.jpg 350w, https:\/\/www.cvs-avocats.com\/wp-content\/uploads\/2024\/04\/PARIS-1984-cornet-vincent-segurel-300x300.jpg 300w, https:\/\/www.cvs-avocats.com\/wp-content\/uploads\/2024\/04\/PARIS-1984-cornet-vincent-segurel-150x150.jpg 150w, https:\/\/www.cvs-avocats.com\/wp-content\/uploads\/2024\/04\/PARIS-1984-cornet-vincent-segurel-60x60.jpg 60w\" data-sizes=\"(max-width: 350px) 100vw, 350px\" src=\"data:image\/svg+xml;base64,PHN2ZyB3aWR0aD0iMSIgaGVpZ2h0PSIxIiB4bWxucz0iaHR0cDovL3d3dy53My5vcmcvMjAwMC9zdmciPjwvc3ZnPg==\" \/><\/figure>\n<\/div>\n\n\n<div style=\"height:50px\" aria-hidden=\"true\" class=\"wp-block-spacer\"><\/div>\n<\/div>\n\n\n\n<div class=\"wp-block-column is-layout-flow wp-block-column-is-layout-flow\">\n<h3 class=\"wp-block-heading\">1984<\/h3>\n\n\n\n<p><strong>Ouverture du bureau de Paris<\/strong> : installation \u00e0 Paris du Cabinet de conseil juridique de G\u00e9rard S\u00e9gurel.<\/p>\n<\/div>\n<\/div>\n\n\n\n<div class=\"wp-block-columns is-layout-flex wp-container-core-columns-is-layout-9d6595d7 wp-block-columns-is-layout-flex\">\n<div class=\"wp-block-column is-layout-flow wp-block-column-is-layout-flow\"><div class=\"wp-block-image\">\n<figure class=\"aligncenter size-full is-resized\"><img decoding=\"async\" width=\"350\" height=\"350\" data-src=\"https:\/\/www.cvs-avocats.com\/wp-content\/uploads\/2024\/04\/PARIS-1992-cornet-vincent-segurel.jpg\" alt=\"\" class=\"wp-image-6809 lazyload\" style=\"--smush-placeholder-width: 350px; --smush-placeholder-aspect-ratio: 350\/350;width:250px;height:undefinedpx\" data-srcset=\"https:\/\/www.cvs-avocats.com\/wp-content\/uploads\/2024\/04\/PARIS-1992-cornet-vincent-segurel.jpg 350w, https:\/\/www.cvs-avocats.com\/wp-content\/uploads\/2024\/04\/PARIS-1992-cornet-vincent-segurel-300x300.jpg 300w, https:\/\/www.cvs-avocats.com\/wp-content\/uploads\/2024\/04\/PARIS-1992-cornet-vincent-segurel-150x150.jpg 150w, https:\/\/www.cvs-avocats.com\/wp-content\/uploads\/2024\/04\/PARIS-1992-cornet-vincent-segurel-60x60.jpg 60w\" data-sizes=\"(max-width: 350px) 100vw, 350px\" src=\"data:image\/svg+xml;base64,PHN2ZyB3aWR0aD0iMSIgaGVpZ2h0PSIxIiB4bWxucz0iaHR0cDovL3d3dy53My5vcmcvMjAwMC9zdmciPjwvc3ZnPg==\" \/><\/figure>\n<\/div>\n\n\n<div style=\"height:50px\" aria-hidden=\"true\" class=\"wp-block-spacer\"><\/div>\n<\/div>\n\n\n\n<div class=\"wp-block-column is-layout-flow wp-block-column-is-layout-flow\">\n<h3 class=\"wp-block-heading has-text-align-left\">1992<\/h3>\n\n\n\n<p><strong>Rapprochement entre les cabinets Cornet Vincent et S\u00e9gurel <\/strong>\u00e0 travers un GIE, qui aboutira \u00e0 une fusion en 2001, et installation dans des locaux communs.<\/p>\n<\/div>\n<\/div>\n\n\n\n<div class=\"wp-block-columns is-layout-flex wp-container-core-columns-is-layout-9d6595d7 wp-block-columns-is-layout-flex\">\n<div class=\"wp-block-column is-layout-flow wp-block-column-is-layout-flow\"><div class=\"wp-block-image\">\n<figure class=\"aligncenter size-full\"><img decoding=\"async\" width=\"250\" height=\"250\" data-src=\"https:\/\/www.cvs-avocats.com\/wp-content\/uploads\/2024\/04\/RENNES-2010-cornet-vincent-segurel-2.jpg\" alt=\"\" class=\"wp-image-6824 lazyload\" data-srcset=\"https:\/\/www.cvs-avocats.com\/wp-content\/uploads\/2024\/04\/RENNES-2010-cornet-vincent-segurel-2.jpg 250w, https:\/\/www.cvs-avocats.com\/wp-content\/uploads\/2024\/04\/RENNES-2010-cornet-vincent-segurel-2-150x150.jpg 150w, https:\/\/www.cvs-avocats.com\/wp-content\/uploads\/2024\/04\/RENNES-2010-cornet-vincent-segurel-2-60x60.jpg 60w\" data-sizes=\"(max-width: 250px) 100vw, 250px\" src=\"data:image\/svg+xml;base64,PHN2ZyB3aWR0aD0iMSIgaGVpZ2h0PSIxIiB4bWxucz0iaHR0cDovL3d3dy53My5vcmcvMjAwMC9zdmciPjwvc3ZnPg==\" style=\"--smush-placeholder-width: 250px; --smush-placeholder-aspect-ratio: 250\/250;\" \/><\/figure>\n<\/div>\n\n\n<div style=\"height:50px\" aria-hidden=\"true\" class=\"wp-block-spacer\"><\/div>\n<\/div>\n\n\n\n<div class=\"wp-block-column is-layout-flow wp-block-column-is-layout-flow\">\n<h3 class=\"wp-block-heading\">2010<\/h3>\n\n\n\n<p><strong>Rennes :<\/strong> cr\u00e9ation du bureau.<\/p>\n<\/div>\n<\/div>\n\n\n\n<div class=\"wp-block-columns is-layout-flex wp-container-core-columns-is-layout-9d6595d7 wp-block-columns-is-layout-flex\">\n<div class=\"wp-block-column is-layout-flow wp-block-column-is-layout-flow\"><div class=\"wp-block-image\">\n<figure class=\"aligncenter size-full\"><img decoding=\"async\" width=\"250\" height=\"250\" data-src=\"https:\/\/www.cvs-avocats.com\/wp-content\/uploads\/2024\/04\/LILLE-2011-cornet-vincent-segurel.jpg\" alt=\"\" class=\"wp-image-6830 lazyload\" data-srcset=\"https:\/\/www.cvs-avocats.com\/wp-content\/uploads\/2024\/04\/LILLE-2011-cornet-vincent-segurel.jpg 250w, https:\/\/www.cvs-avocats.com\/wp-content\/uploads\/2024\/04\/LILLE-2011-cornet-vincent-segurel-150x150.jpg 150w, https:\/\/www.cvs-avocats.com\/wp-content\/uploads\/2024\/04\/LILLE-2011-cornet-vincent-segurel-60x60.jpg 60w\" data-sizes=\"(max-width: 250px) 100vw, 250px\" src=\"data:image\/svg+xml;base64,PHN2ZyB3aWR0aD0iMSIgaGVpZ2h0PSIxIiB4bWxucz0iaHR0cDovL3d3dy53My5vcmcvMjAwMC9zdmciPjwvc3ZnPg==\" style=\"--smush-placeholder-width: 250px; --smush-placeholder-aspect-ratio: 250\/250;\" \/><\/figure>\n<\/div>\n\n\n<div style=\"height:50px\" aria-hidden=\"true\" class=\"wp-block-spacer\"><\/div>\n<\/div>\n\n\n\n<div class=\"wp-block-column is-layout-flow wp-block-column-is-layout-flow\">\n<h3 class=\"wp-block-heading\">2011<\/h3>\n\n\n\n<p><strong>Lille :<\/strong> cr\u00e9ation du bureau.<\/p>\n<\/div>\n<\/div>\n\n\n\n<div class=\"wp-block-columns is-layout-flex wp-container-core-columns-is-layout-9d6595d7 wp-block-columns-is-layout-flex\">\n<div class=\"wp-block-column is-layout-flow wp-block-column-is-layout-flow\"><div class=\"wp-block-image\">\n<figure class=\"aligncenter size-full\"><img decoding=\"async\" width=\"250\" height=\"250\" data-src=\"https:\/\/www.cvs-avocats.com\/wp-content\/uploads\/2024\/04\/BORDEAUX-2016-cornet-vincent-segurel.jpg\" alt=\"\" class=\"wp-image-6833 lazyload\" data-srcset=\"https:\/\/www.cvs-avocats.com\/wp-content\/uploads\/2024\/04\/BORDEAUX-2016-cornet-vincent-segurel.jpg 250w, https:\/\/www.cvs-avocats.com\/wp-content\/uploads\/2024\/04\/BORDEAUX-2016-cornet-vincent-segurel-150x150.jpg 150w, https:\/\/www.cvs-avocats.com\/wp-content\/uploads\/2024\/04\/BORDEAUX-2016-cornet-vincent-segurel-60x60.jpg 60w\" data-sizes=\"(max-width: 250px) 100vw, 250px\" src=\"data:image\/svg+xml;base64,PHN2ZyB3aWR0aD0iMSIgaGVpZ2h0PSIxIiB4bWxucz0iaHR0cDovL3d3dy53My5vcmcvMjAwMC9zdmciPjwvc3ZnPg==\" style=\"--smush-placeholder-width: 250px; --smush-placeholder-aspect-ratio: 250\/250;\" \/><\/figure>\n<\/div>\n\n\n<div style=\"height:50px\" aria-hidden=\"true\" class=\"wp-block-spacer\"><\/div>\n<\/div>\n\n\n\n<div class=\"wp-block-column is-layout-flow wp-block-column-is-layout-flow\">\n<h3 class=\"wp-block-heading\">2016<\/h3>\n\n\n\n<p><strong>Bordeaux :<\/strong> cr\u00e9ation du bureau.<\/p>\n<\/div>\n<\/div>\n\n\n\n<div class=\"wp-block-columns is-layout-flex wp-container-core-columns-is-layout-9d6595d7 wp-block-columns-is-layout-flex\">\n<div class=\"wp-block-column is-layout-flow wp-block-column-is-layout-flow\"><div class=\"wp-block-image\">\n<figure class=\"aligncenter size-full\"><img decoding=\"async\" width=\"250\" height=\"250\" data-src=\"https:\/\/www.cvs-avocats.com\/wp-content\/uploads\/2024\/04\/LYON-2017-cornet-vincent-segurel.jpg\" alt=\"\" class=\"wp-image-6836 lazyload\" data-srcset=\"https:\/\/www.cvs-avocats.com\/wp-content\/uploads\/2024\/04\/LYON-2017-cornet-vincent-segurel.jpg 250w, https:\/\/www.cvs-avocats.com\/wp-content\/uploads\/2024\/04\/LYON-2017-cornet-vincent-segurel-150x150.jpg 150w, https:\/\/www.cvs-avocats.com\/wp-content\/uploads\/2024\/04\/LYON-2017-cornet-vincent-segurel-60x60.jpg 60w\" data-sizes=\"(max-width: 250px) 100vw, 250px\" src=\"data:image\/svg+xml;base64,PHN2ZyB3aWR0aD0iMSIgaGVpZ2h0PSIxIiB4bWxucz0iaHR0cDovL3d3dy53My5vcmcvMjAwMC9zdmciPjwvc3ZnPg==\" style=\"--smush-placeholder-width: 250px; --smush-placeholder-aspect-ratio: 250\/250;\" \/><\/figure>\n<\/div>\n\n\n<div style=\"height:50px\" aria-hidden=\"true\" class=\"wp-block-spacer\"><\/div>\n<\/div>\n\n\n\n<div class=\"wp-block-column is-layout-flow wp-block-column-is-layout-flow\">\n<h3 class=\"wp-block-heading\">2017<\/h3>\n\n\n\n<p><strong>Lyon :<\/strong> cr\u00e9ation du bureau.<\/p>\n<\/div>\n<\/div>\n\n\n\n<div class=\"wp-block-columns is-layout-flex wp-container-core-columns-is-layout-9d6595d7 wp-block-columns-is-layout-flex\">\n<div class=\"wp-block-column is-layout-flow wp-block-column-is-layout-flow\"><div class=\"wp-block-image\">\n<figure class=\"aligncenter size-full\"><img decoding=\"async\" width=\"250\" height=\"250\" data-src=\"https:\/\/www.cvs-avocats.com\/wp-content\/uploads\/2024\/04\/NANTES-2022-cornet-vincent-segurel.jpeg\" alt=\"\" class=\"wp-image-6839 lazyload\" data-srcset=\"https:\/\/www.cvs-avocats.com\/wp-content\/uploads\/2024\/04\/NANTES-2022-cornet-vincent-segurel.jpeg 250w, https:\/\/www.cvs-avocats.com\/wp-content\/uploads\/2024\/04\/NANTES-2022-cornet-vincent-segurel-150x150.jpeg 150w, https:\/\/www.cvs-avocats.com\/wp-content\/uploads\/2024\/04\/NANTES-2022-cornet-vincent-segurel-60x60.jpeg 60w\" data-sizes=\"(max-width: 250px) 100vw, 250px\" src=\"data:image\/svg+xml;base64,PHN2ZyB3aWR0aD0iMSIgaGVpZ2h0PSIxIiB4bWxucz0iaHR0cDovL3d3dy53My5vcmcvMjAwMC9zdmciPjwvc3ZnPg==\" style=\"--smush-placeholder-width: 250px; --smush-placeholder-aspect-ratio: 250\/250;\" \/><\/figure>\n<\/div>\n\n\n<div style=\"height:50px\" aria-hidden=\"true\" class=\"wp-block-spacer\"><\/div>\n<\/div>\n\n\n\n<div class=\"wp-block-column is-layout-flow wp-block-column-is-layout-flow\">\n<h3 class=\"wp-block-heading\">2022<\/h3>\n\n\n\n<p><strong>50 ans <\/strong>du cabinet.<\/p>\n<\/div>\n<\/div>\n<\/div><\/div>\n\n\n\n<div class=\"wp-block-group has-white-background-color has-background\"><div class=\"wp-block-group__inner-container is-layout-constrained wp-block-group-is-layout-constrained\">\n<h2 class=\"wp-block-heading\">Nos valeurs<\/h2>\n\n\n\n<p>Nos valeurs sont partag\u00e9es par l\u2019ensemble des membres du Cabinet et constituent <strong>le socle de notre culture et de nos actions.<\/strong><\/p>\n\n\n\n<figure class=\"wp-block-image size-large\"><img decoding=\"async\" width=\"1024\" height=\"505\" data-src=\"https:\/\/www.cvs-avocats.com\/wp-content\/uploads\/2025\/09\/valeurs-1024x505.png\" alt=\"\" class=\"wp-image-17687 lazyload\" data-srcset=\"https:\/\/www.cvs-avocats.com\/wp-content\/uploads\/2025\/09\/valeurs-1024x505.png 1024w, https:\/\/www.cvs-avocats.com\/wp-content\/uploads\/2025\/09\/valeurs-300x148.png 300w, https:\/\/www.cvs-avocats.com\/wp-content\/uploads\/2025\/09\/valeurs-768x379.png 768w, https:\/\/www.cvs-avocats.com\/wp-content\/uploads\/2025\/09\/valeurs.png 1224w\" data-sizes=\"(max-width: 1024px) 100vw, 1024px\" src=\"data:image\/svg+xml;base64,PHN2ZyB3aWR0aD0iMSIgaGVpZ2h0PSIxIiB4bWxucz0iaHR0cDovL3d3dy53My5vcmcvMjAwMC9zdmciPjwvc3ZnPg==\" style=\"--smush-placeholder-width: 1024px; --smush-placeholder-aspect-ratio: 1024\/505;\" \/><\/figure>\n\n\n\n<div style=\"height:54px\" aria-hidden=\"true\" class=\"wp-block-spacer\"><\/div>\n\n\n\n<figure class=\"wp-block-image size-full is-resized\"><img decoding=\"async\" width=\"871\" height=\"26\" data-src=\"https:\/\/www.cvs-avocats.com\/wp-content\/uploads\/2025\/09\/Fichier-2.png\" alt=\"\" class=\"wp-image-17689 lazyload\" style=\"--smush-placeholder-width: 871px; --smush-placeholder-aspect-ratio: 871\/26;width:916px;height:auto\" data-srcset=\"https:\/\/www.cvs-avocats.com\/wp-content\/uploads\/2025\/09\/Fichier-2.png 871w, https:\/\/www.cvs-avocats.com\/wp-content\/uploads\/2025\/09\/Fichier-2-300x9.png 300w, https:\/\/www.cvs-avocats.com\/wp-content\/uploads\/2025\/09\/Fichier-2-768x23.png 768w\" data-sizes=\"(max-width: 871px) 100vw, 871px\" src=\"data:image\/svg+xml;base64,PHN2ZyB3aWR0aD0iMSIgaGVpZ2h0PSIxIiB4bWxucz0iaHR0cDovL3d3dy53My5vcmcvMjAwMC9zdmciPjwvc3ZnPg==\" \/><\/figure>\n\n\n\n<div style=\"height:31px\" aria-hidden=\"true\" class=\"wp-block-spacer\"><\/div>\n\n\n\n<h2 class=\"wp-block-heading\">Des qualit\u00e9s humaines exigeantes<\/h2>\n\n\n\n<div style=\"height:45px\" aria-hidden=\"true\" class=\"wp-block-spacer\"><\/div>\n\n\n\n<div class=\"wp-block-columns is-layout-flex wp-container-core-columns-is-layout-9d6595d7 wp-block-columns-is-layout-flex\">\n<div class=\"wp-block-column is-layout-flow wp-block-column-is-layout-flow\" style=\"flex-basis:33.33%\">\n<h4 class=\"wp-block-heading\">Engagement<\/h4>\n<\/div>\n\n\n\n<div class=\"wp-block-column is-layout-flow wp-block-column-is-layout-flow\" style=\"flex-basis:66.66%\">\n<p>L&rsquo;engagement est une de nos <strong>forces motrices<\/strong>. En interne, il se manifeste par une <strong>culture d\u2019entraide<\/strong>, de compl\u00e9mentarit\u00e9 et d\u2019implication dans les projets collectifs de notre Maison.<br>Vis-\u00e0-vis de nos clients, il prend la forme d\u2019une <strong>t\u00e9nacit\u00e9 sans faille<\/strong>, d\u2019un <strong>dynamisme constant<\/strong> et d\u2019une<strong> cr\u00e9ativit\u00e9 proactive<\/strong> pour r\u00e9pondre aux enjeux de leurs dossiers.<br>En tant qu\u2019avocats et professionnels du droit, nous sommes \u00e9galement profond\u00e9ment <strong>engag\u00e9s dans la cit\u00e9 et la soci\u00e9t\u00e9<\/strong>.<\/p>\n<\/div>\n<\/div>\n\n\n\n<div style=\"height:45px\" aria-hidden=\"true\" class=\"wp-block-spacer\"><\/div>\n\n\n\n<div class=\"wp-block-columns is-layout-flex wp-container-core-columns-is-layout-9d6595d7 wp-block-columns-is-layout-flex\">\n<div class=\"wp-block-column is-layout-flow wp-block-column-is-layout-flow\" style=\"flex-basis:33.33%\">\n<h4 class=\"wp-block-heading\">Humilit\u00e9<\/h4>\n<\/div>\n\n\n\n<div class=\"wp-block-column is-layout-flow wp-block-column-is-layout-flow\" style=\"flex-basis:66.66%\">\n<p>Nous avons la <strong>culture de l\u2019\u00e9coute<\/strong> et de l\u2019<strong>effacement de l\u2019ego<\/strong>. Notre vision du m\u00e9tier est d\u2019<strong>\u00eatre au service de nos clients<\/strong>. Cette valeur permet d\u2019articuler au mieux l\u2019individuel avec le collectif.<br>Dans l\u2019exercice de nos missions, l\u2019<strong>humilit\u00e9<\/strong> se combine avec des <strong>capacit\u00e9s de lucidit\u00e9 et d\u2019anticipation<\/strong> et une profonde culture du r\u00e9sultat.<\/p>\n<\/div>\n<\/div>\n\n\n\n<div style=\"height:45px\" aria-hidden=\"true\" class=\"wp-block-spacer\"><\/div>\n\n\n\n<div class=\"wp-block-columns is-layout-flex wp-container-core-columns-is-layout-9d6595d7 wp-block-columns-is-layout-flex\">\n<div class=\"wp-block-column is-layout-flow wp-block-column-is-layout-flow\" style=\"flex-basis:33.33%\">\n<h4 class=\"wp-block-heading\">D\u00e9licatesse<\/h4>\n<\/div>\n\n\n\n<div class=\"wp-block-column is-layout-flow wp-block-column-is-layout-flow\" style=\"flex-basis:66.66%\">\n<p>Nous attribuons \u00e0 cette valeur d\u00e9ontologique une <strong>importance fondamentale<\/strong>. La d\u00e9licatesse se manifeste dans l\u2019<strong>appr\u00e9hension de l\u2019humain<\/strong> dans les situations souvent sensibles o\u00f9 nous sommes amen\u00e9s \u00e0 intervenir, mais \u00e9galement dans les rapports quotidiens entre l\u2019ensemble des membres du cabinet.<br>Nous veillons \u00e0 faire preuve d&rsquo;une <strong>\u00e9coute attentive<\/strong> afin de pr\u00e9server des relations harmonieuses. Avec nos partenaires, notamment les confr\u00e8res, nous maintenons des <strong>relations constructives<\/strong> conformes \u00e0 nos valeurs.<\/p>\n<\/div>\n<\/div>\n\n\n\n<div style=\"height:45px\" aria-hidden=\"true\" class=\"wp-block-spacer\"><\/div>\n\n\n\n<div class=\"wp-block-columns is-layout-flex wp-container-core-columns-is-layout-9d6595d7 wp-block-columns-is-layout-flex\">\n<div class=\"wp-block-column is-layout-flow wp-block-column-is-layout-flow\" style=\"flex-basis:33.33%\">\n<h4 class=\"wp-block-heading\">Humour<\/h4>\n<\/div>\n\n\n\n<div class=\"wp-block-column is-layout-flow wp-block-column-is-layout-flow\" style=\"flex-basis:66.66%\">\n<p>L\u2019humour, pour nous, est <strong>l\u2019art de rester s\u00e9rieux sans se prendre au s\u00e9rieux<\/strong>. Il nous permet de <strong>prendre du recul dans des situations d\u00e9licates<\/strong>, afin d\u2019<strong>aborder les d\u00e9fis avec la clart\u00e9 n\u00e9cessaire<\/strong> pour trouver les meilleures solutions. <br>Au sein du cabinet, l\u2019humour joue un <strong>r\u00f4le cl\u00e9 <\/strong>en favorisant une <strong>atmosph\u00e8re de travail conviviale<\/strong> et en <strong>renfor\u00e7ant la coh\u00e9sion des \u00e9quipes<\/strong>.<br>L\u2019humour est \u00e9galement un outil \u00e0 manier avec subtilit\u00e9 mais qui peut \u00eatre tr\u00e8s utile dans les relations humaines, les n\u00e9gociations et les plaidoiries.<\/p>\n<\/div>\n<\/div>\n\n\n\n<div style=\"height:54px\" aria-hidden=\"true\" class=\"wp-block-spacer\"><\/div>\n\n\n\n<figure class=\"wp-block-image size-full is-resized\"><img decoding=\"async\" width=\"871\" height=\"27\" data-src=\"https:\/\/www.cvs-avocats.com\/wp-content\/uploads\/2025\/09\/Fichier-4.png\" alt=\"\" class=\"wp-image-17691 lazyload\" style=\"--smush-placeholder-width: 871px; --smush-placeholder-aspect-ratio: 871\/27;width:916px;height:auto\" data-srcset=\"https:\/\/www.cvs-avocats.com\/wp-content\/uploads\/2025\/09\/Fichier-4.png 871w, https:\/\/www.cvs-avocats.com\/wp-content\/uploads\/2025\/09\/Fichier-4-300x9.png 300w, https:\/\/www.cvs-avocats.com\/wp-content\/uploads\/2025\/09\/Fichier-4-768x24.png 768w\" data-sizes=\"(max-width: 871px) 100vw, 871px\" src=\"data:image\/svg+xml;base64,PHN2ZyB3aWR0aD0iMSIgaGVpZ2h0PSIxIiB4bWxucz0iaHR0cDovL3d3dy53My5vcmcvMjAwMC9zdmciPjwvc3ZnPg==\" \/><\/figure>\n\n\n\n<div style=\"height:31px\" aria-hidden=\"true\" class=\"wp-block-spacer\"><\/div>\n\n\n\n<h2 class=\"wp-block-heading\">La force du collectif<\/h2>\n\n\n\n<div style=\"height:45px\" aria-hidden=\"true\" class=\"wp-block-spacer\"><\/div>\n\n\n\n<div class=\"wp-block-columns is-layout-flex wp-container-core-columns-is-layout-9d6595d7 wp-block-columns-is-layout-flex\">\n<div class=\"wp-block-column is-layout-flow wp-block-column-is-layout-flow\" style=\"flex-basis:33.33%\">\n<h4 class=\"wp-block-heading\">Alt\u00e9rit\u00e9<\/h4>\n<\/div>\n\n\n\n<div class=\"wp-block-column is-layout-flow wp-block-column-is-layout-flow\" style=\"flex-basis:66.66%\">\n<p>Nous cultivons un <strong>collectif riche de diversit\u00e9<\/strong>, <strong>respectueux des individualit\u00e9s et des diff\u00e9rences<\/strong>. La p\u00e9rennit\u00e9 de notre cabinet repose sur la <strong>coexistence harmonieuse de profils vari\u00e9s<\/strong>, chacun apportant la richesse de ses exp\u00e9riences et de son parcours.<br>Nous attachons \u00e9galement une grande importance \u00e0 nos <strong>engagements citoyens et environnementaux<\/strong>, essentiels \u00e0 notre responsabilit\u00e9 collective. L\u2019alt\u00e9rit\u00e9 nous permet \u00e9galement de <strong>nous adapter pour travailler avec toutes sortes de clients<\/strong>.<\/p>\n<\/div>\n<\/div>\n\n\n\n<div style=\"height:45px\" aria-hidden=\"true\" class=\"wp-block-spacer\"><\/div>\n\n\n\n<div class=\"wp-block-columns is-layout-flex wp-container-core-columns-is-layout-9d6595d7 wp-block-columns-is-layout-flex\">\n<div class=\"wp-block-column is-layout-flow wp-block-column-is-layout-flow\" style=\"flex-basis:33.33%\">\n<h4 class=\"wp-block-heading\">Coll\u00e9gialit\u00e9<\/h4>\n<\/div>\n\n\n\n<div class=\"wp-block-column is-layout-flow wp-block-column-is-layout-flow\" style=\"flex-basis:66.66%\">\n<p>La coll\u00e9gialit\u00e9 constitue l&rsquo;une de nos <strong>valeurs fondatrices<\/strong>. Nous avons fait le choix d&rsquo;une <strong>gouvernance collective<\/strong>, convaincus que l&rsquo;<strong>intelligence multiple<\/strong> <strong>et crois\u00e9e<\/strong> est un <strong>levier essentiel de r\u00e9ussite<\/strong>.<br>Ce respect mutuel de la communaut\u00e9 et des perspectives de chacun est ce qui nous permet de <strong>maintenir la coh\u00e9sion et l&rsquo;unit\u00e9 de nos \u00e9quipes<\/strong>. Vis-\u00e0-vis de nos clients, la coll\u00e9gialit\u00e9 signifie aussi que notre approche repose sur la <strong>co-construction de solutions juridiques<\/strong>.<\/p>\n<\/div>\n<\/div>\n\n\n\n<div style=\"height:45px\" aria-hidden=\"true\" class=\"wp-block-spacer\"><\/div>\n\n\n\n<div class=\"wp-block-columns is-layout-flex wp-container-core-columns-is-layout-9d6595d7 wp-block-columns-is-layout-flex\">\n<div class=\"wp-block-column is-layout-flow wp-block-column-is-layout-flow\" style=\"flex-basis:33.33%\">\n<h4 class=\"wp-block-heading\">Transmission<\/h4>\n<\/div>\n\n\n\n<div class=\"wp-block-column is-layout-flow wp-block-column-is-layout-flow\" style=\"flex-basis:66.66%\">\n<p>Nous mettons en \u0153uvre la transmission sous deux angles. <strong>Transmission des savoirs<\/strong>, d\u2019abord, avec une place primordiale \u00e0 la <strong>formation <\/strong>et \u00e0 l&rsquo;<strong>accompagnement des \u00e9quipes<\/strong>. <strong>Transmission entre g\u00e9n\u00e9rations<\/strong> ensuite, notre mod\u00e8le, s\u2019appuyant notamment sur la <strong>promotion interne<\/strong>, assure la p\u00e9rennit\u00e9 et l\u2019<strong>\u00e9volution constante du cabinet<\/strong>.<\/p>\n<\/div>\n<\/div>\n\n\n\n<div style=\"height:45px\" aria-hidden=\"true\" class=\"wp-block-spacer\"><\/div>\n\n\n\n<div class=\"wp-block-columns is-layout-flex wp-container-core-columns-is-layout-9d6595d7 wp-block-columns-is-layout-flex\">\n<div class=\"wp-block-column is-layout-flow wp-block-column-is-layout-flow\" style=\"flex-basis:33.33%\">\n<h4 class=\"wp-block-heading\">Audace<\/h4>\n<\/div>\n\n\n\n<div class=\"wp-block-column is-layout-flow wp-block-column-is-layout-flow\" style=\"flex-basis:66.66%\">\n<p>Au c\u0153ur de notre mod\u00e8le, l\u2019audace incarne notre <strong>capacit\u00e9 \u00e0 oser ensemble<\/strong>, fort de notre collectif, dans l\u2019objectif de <strong>faire \u00e9voluer et d\u00e9velopper le cabinet<\/strong>. Elle nous pousse \u00e0 <strong>nous remettre en question<\/strong> constamment et \u00e0 <strong>repousser les limites de nos pratiques<\/strong>.<br>Expression de notre culture entrepreneuriale, l\u2019audace nourrit une <strong>ambition de d\u00e9veloppement continue et dynamique<\/strong> et nous permet de <strong>comprendre nos clients<\/strong> qui \u00e9galement se r\u00e9inventent dans leur activit\u00e9.<\/p>\n<\/div>\n<\/div>\n\n\n\n<div style=\"height:54px\" aria-hidden=\"true\" class=\"wp-block-spacer\"><\/div>\n\n\n\n<figure class=\"wp-block-image size-large\"><img decoding=\"async\" width=\"1024\" height=\"27\" data-src=\"https:\/\/www.cvs-avocats.com\/wp-content\/uploads\/2025\/06\/Rouge-1024x27.jpg\" alt=\"\" class=\"wp-image-13949 lazyload\" data-srcset=\"https:\/\/www.cvs-avocats.com\/wp-content\/uploads\/2025\/06\/Rouge-1024x27.jpg 1024w, https:\/\/www.cvs-avocats.com\/wp-content\/uploads\/2025\/06\/Rouge-300x8.jpg 300w, https:\/\/www.cvs-avocats.com\/wp-content\/uploads\/2025\/06\/Rouge-768x20.jpg 768w, https:\/\/www.cvs-avocats.com\/wp-content\/uploads\/2025\/06\/Rouge-1536x41.jpg 1536w, https:\/\/www.cvs-avocats.com\/wp-content\/uploads\/2025\/06\/Rouge-2048x54.jpg 2048w\" data-sizes=\"(max-width: 1024px) 100vw, 1024px\" src=\"data:image\/svg+xml;base64,PHN2ZyB3aWR0aD0iMSIgaGVpZ2h0PSIxIiB4bWxucz0iaHR0cDovL3d3dy53My5vcmcvMjAwMC9zdmciPjwvc3ZnPg==\" style=\"--smush-placeholder-width: 1024px; --smush-placeholder-aspect-ratio: 1024\/27;\" \/><\/figure>\n\n\n\n<div style=\"height:31px\" aria-hidden=\"true\" class=\"wp-block-spacer\"><\/div>\n\n\n\n<h2 class=\"wp-block-heading\">Un engagement au service de nos clients<\/h2>\n\n\n\n<div style=\"height:45px\" aria-hidden=\"true\" class=\"wp-block-spacer\"><\/div>\n\n\n\n<div class=\"wp-block-columns is-layout-flex wp-container-core-columns-is-layout-9d6595d7 wp-block-columns-is-layout-flex\">\n<div class=\"wp-block-column is-layout-flow wp-block-column-is-layout-flow\" style=\"flex-basis:33.33%\">\n<h4 class=\"wp-block-heading\">Excellence<\/h4>\n<\/div>\n\n\n\n<div class=\"wp-block-column is-layout-flow wp-block-column-is-layout-flow\" style=\"flex-basis:66.66%\">\n<p>Nous cultivons, chaque jour, un <strong>engagement ind\u00e9fectible<\/strong> vers l&rsquo;excellence, tant sur le plan personnel que collectif. Cet engagement se manifeste notamment par une <strong>expertise juridique constamment \u00e0 la pointe<\/strong> dans nos domaines d&rsquo;intervention.<br>Nous pla\u00e7ons \u00e9galement un <strong>accent particulier sur la rigueur, la pr\u00e9cision et la r\u00e9activit\u00e9<\/strong> afin de<strong> r\u00e9pondre pleinement aux attentes de nos clients<\/strong>. Des <strong>services supports performants<\/strong> permettent aussi \u00e0 nos avocats et juristes d\u2019exercer dans les meilleures conditions.<\/p>\n<\/div>\n<\/div>\n\n\n\n<div style=\"height:45px\" aria-hidden=\"true\" class=\"wp-block-spacer\"><\/div>\n\n\n\n<div class=\"wp-block-columns is-layout-flex wp-container-core-columns-is-layout-9d6595d7 wp-block-columns-is-layout-flex\">\n<div class=\"wp-block-column is-layout-flow wp-block-column-is-layout-flow\" style=\"flex-basis:33.33%\">\n<h4 class=\"wp-block-heading\">Vision<\/h4>\n<\/div>\n\n\n\n<div class=\"wp-block-column is-layout-flow wp-block-column-is-layout-flow\" style=\"flex-basis:66.66%\">\n<p>Nous abordons la pratique du droit avec une <strong>perspective \u00e9largie<\/strong>, d\u00e9passant la seule expertise juridique. Nous saisissons notamment les <strong>enjeux humains, \u00e9conomiques, financiers et strat\u00e9giques<\/strong> qui sous-tendent les pr\u00e9occupations de nos clients.<br>En privil\u00e9giant cette approche globale, combin\u00e9e avec la transversalit\u00e9 de nos expertises juridiques, nous faisons <strong>\u00e9merger des solutions innovantes et pertinentes<\/strong>.<\/p>\n<\/div>\n<\/div>\n\n\n\n<div style=\"height:45px\" aria-hidden=\"true\" class=\"wp-block-spacer\"><\/div>\n\n\n\n<div class=\"wp-block-columns is-layout-flex wp-container-core-columns-is-layout-9d6595d7 wp-block-columns-is-layout-flex\">\n<div class=\"wp-block-column is-layout-flow wp-block-column-is-layout-flow\" style=\"flex-basis:33.33%\">\n<h4 class=\"wp-block-heading\">Pragmatisme<\/h4>\n<\/div>\n\n\n\n<div class=\"wp-block-column is-layout-flow wp-block-column-is-layout-flow\" style=\"flex-basis:66.66%\">\n<p>Nous agissons en v\u00e9ritables facilitateurs pour nos clients. Nous nous attachons \u00e0 <strong>comprendre leur environnement<\/strong> afin de mettre en \u0153uvre de fa\u00e7on concr\u00e8te et efficace les solutions retenues pour <strong>atteindre leurs objectifs<\/strong>.<br>Nous savons faire preuve de <strong>souplesse <\/strong>pour <strong>nous<\/strong> <strong>adapter <\/strong>selon l\u2019\u00e9volution des situations et <strong>saisir les opportunit\u00e9s<\/strong>.<\/p>\n<\/div>\n<\/div>\n\n\n\n<div style=\"height:45px\" aria-hidden=\"true\" class=\"wp-block-spacer\"><\/div>\n\n\n\n<div class=\"wp-block-columns is-layout-flex wp-container-core-columns-is-layout-9d6595d7 wp-block-columns-is-layout-flex\">\n<div class=\"wp-block-column is-layout-flow wp-block-column-is-layout-flow\" style=\"flex-basis:33.33%\">\n<h4 class=\"wp-block-heading\">Proximit\u00e9<\/h4>\n<\/div>\n\n\n\n<div class=\"wp-block-column is-layout-flow wp-block-column-is-layout-flow\" style=\"flex-basis:66.66%\">\n<p>La proximit\u00e9, qu&rsquo;elle soit avec nos clients ou territoriale, constitue le <strong>c\u0153ur de notre identit\u00e9<\/strong>. Nous privil\u00e9gions des relations durables et de confiance, fond\u00e9es sur une <strong>compr\u00e9hension mutuelle<\/strong> et un <strong>engagement \u00e0 long terme<\/strong>. <br>Gr\u00e2ce \u00e0 notre <strong>implantation locale<\/strong>, nous savons <strong>saisir les enjeux sp\u00e9cifiques<\/strong> et<strong> interagir efficacement avec les principaux acteurs des territoires<\/strong>. En interne, cette valeur se traduit par des <strong>liens forts<\/strong> entre nos diff\u00e9rentes \u00e9quipes.<\/p>\n<\/div>\n<\/div>\n<\/div><\/div>\n","protected":false},"excerpt":{"rendered":"<p>Depuis plus de 50 ans, Cornet Vincent S\u00e9gurel accompagne les entreprises, les dirigeants, les investisseurs, les collectivit\u00e9s et les associations dans leurs projets, transformations et litiges. Nous sommes \u00e0 leurs c\u00f4t\u00e9s pour leur gestion quotidienne comme dans les moments les plus strat\u00e9giques de leur d\u00e9veloppement.<\/p>\n","protected":false},"author":7,"featured_media":7326,"parent":0,"menu_order":0,"comment_status":"closed","ping_status":"closed","template":"","meta":{"_acf_changed":false,"footnotes":""},"class_list":["post-4342","page","type-page","status-publish","has-post-thumbnail","hentry"],"acf":[],"_links":{"self":[{"href":"https:\/\/www.cvs-avocats.com\/fr\/wp-json\/wp\/v2\/pages\/4342","targetHints":{"allow":["GET"]}}],"collection":[{"href":"https:\/\/www.cvs-avocats.com\/fr\/wp-json\/wp\/v2\/pages"}],"about":[{"href":"https:\/\/www.cvs-avocats.com\/fr\/wp-json\/wp\/v2\/types\/page"}],"author":[{"embeddable":true,"href":"https:\/\/www.cvs-avocats.com\/fr\/wp-json\/wp\/v2\/users\/7"}],"replies":[{"embeddable":true,"href":"https:\/\/www.cvs-avocats.com\/fr\/wp-json\/wp\/v2\/comments?post=4342"}],"version-history":[{"count":0,"href":"https:\/\/www.cvs-avocats.com\/fr\/wp-json\/wp\/v2\/pages\/4342\/revisions"}],"wp:featuredmedia":[{"embeddable":true,"href":"https:\/\/www.cvs-avocats.com\/fr\/wp-json\/wp\/v2\/media\/7326"}],"wp:attachment":[{"href":"https:\/\/www.cvs-avocats.com\/fr\/wp-json\/wp\/v2\/media?parent=4342"}],"curies":[{"name":"wp","href":"https:\/\/api.w.org\/{rel}","templated":true}]}}