{"id":1534,"date":"2019-06-20T10:24:24","date_gmt":"2019-06-20T08:24:24","guid":{"rendered":"https:\/\/www.cvs-avocats.com\/bureau\/rennes-2\/"},"modified":"2026-03-10T11:47:46","modified_gmt":"2026-03-10T10:47:46","slug":"rennes","status":"publish","type":"office","link":"https:\/\/www.cvs-avocats.com\/fr\/bureau\/rennes\/","title":{"rendered":"Rennes"},"excerpt":{"rendered":"<p>Cr\u00e9\u00e9 en 2010, le bureau de Rennes de Cornet Vincent S\u00e9gurel connait un fort d\u00e9veloppement lui ayant permis de devenir un acteur local de r\u00e9f\u00e9rence en droit des affaires et de renforcer sa pr\u00e9sence, plus particuli\u00e8rement, en Bretagne et en Normandie.<\/p>\n","protected":false},"author":7,"featured_media":6194,"template":"","meta":{"_acf_changed":false},"class_list":["post-1534","office","type-office","status-publish","has-post-thumbnail","hentry"],"acf":[],"_links":{"self":[{"href":"https:\/\/www.cvs-avocats.com\/fr\/wp-json\/wp\/v2\/office\/1534","targetHints":{"allow":["GET"]}}],"collection":[{"href":"https:\/\/www.cvs-avocats.com\/fr\/wp-json\/wp\/v2\/office"}],"about":[{"href":"https:\/\/www.cvs-avocats.com\/fr\/wp-json\/wp\/v2\/types\/office"}],"author":[{"embeddable":true,"href":"https:\/\/www.cvs-avocats.com\/fr\/wp-json\/wp\/v2\/users\/7"}],"version-history":[{"count":0,"href":"https:\/\/www.cvs-avocats.com\/fr\/wp-json\/wp\/v2\/office\/1534\/revisions"}],"wp:featuredmedia":[{"embeddable":true,"href":"https:\/\/www.cvs-avocats.com\/fr\/wp-json\/wp\/v2\/media\/6194"}],"wp:attachment":[{"href":"https:\/\/www.cvs-avocats.com\/fr\/wp-json\/wp\/v2\/media?parent=1534"}],"curies":[{"name":"wp","href":"https:\/\/api.w.org\/{rel}","templated":true}]}}