{"id":1928,"date":"2019-10-10T14:46:10","date_gmt":"2019-10-10T12:46:10","guid":{"rendered":"https:\/\/www.cvs-avocats.com\/avocats\/alban-pousset-bougere\/"},"modified":"2025-09-01T11:02:11","modified_gmt":"2025-09-01T09:02:11","slug":"alban-pousset-bougere","status":"publish","type":"lawyer","link":"https:\/\/www.cvs-avocats.com\/fr\/avocats\/alban-pousset-bougere\/","title":{"rendered":"Alban POUSSET-BOUGERE"},"excerpt":{"rendered":"<p>Alban POUSSET-BOUG\u00c8RE, qui a pr\u00eat\u00e9 serment en 1994, a \u00e9t\u00e9 Laur\u00e9at de la Conf\u00e9rence du Stage en 1999 et membre du Conseil de l\u2019Ordre des avocats de Lyon de 2004 \u00e0 2006 et de 2011 \u00e0 2013. Il est aujourd\u2019hui B\u00e2tonnier de Lyon pour la p\u00e9riode 2024-2025.<\/p>\n<p>Titulaire d\u2019un DEA de droit des affaires obtenu en 1993 \u00e0 l\u2019Universit\u00e9 Jean Moulin-Lyon III et d\u2019une sp\u00e9cialisation en proc\u00e9dures d\u2019appel (2008), Alban POUSSET-BOUG\u00c8RE d\u00e9fend depuis plus de 25 ans les entreprises (priv\u00e9es et publiques) et les compagnies d\u2019assurances.<\/p>\n<p>Il ajoute alors \u00e0 ses comp\u00e9tences en contentieux en droit des affaires et des soci\u00e9t\u00e9s, droit p\u00e9nal des affaires, et droit immobilier, le droit des assurances et plus particuli\u00e8rement le Risque industriel, au profit tant des compagnies d\u2019assurances que d\u2019 ETI et PME.<\/p>\n<p>Entour\u00e9 d\u2019avocats aguerris sur ces questions, habitu\u00e9 \u00e0 intervenir dans les expertises judiciaires et devant les juridictions, il est toujours attentif \u00e0 bien comprendre l\u2019activit\u00e9 et les probl\u00e9matiques de ses clients et\/ou de leurs assur\u00e9s, afin d\u2019imaginer et d\u2019organiser la meilleure strat\u00e9gie \u00e0 mettre en place pour la d\u00e9fense de leurs int\u00e9r\u00eats.<\/p>\n<p>Il assiste et repr\u00e9sente devant les Tribunaux les entreprises et leurs dirigeants, dans les contentieux auxquels ils peuvent avoir \u00e0 faire face, que ce soit dans leurs relations avec leurs clients, entre associ\u00e9s, dans le cadre de garanties de passif, mais aussi en cas de difficult\u00e9s des entreprises. Il conseille \u00e9galement les interm\u00e9diaires d\u2019assurance, ainsi que leurs clients.<\/p>\n<p>Alban Pousset-Boug\u00e8re intervient r\u00e9guli\u00e8rement comme formateur aupr\u00e8s des acteurs du monde de l\u2019assurance et notamment des experts judiciaires de la Cour d\u2019appel de Lyon. <\/p>\n","protected":false},"author":7,"featured_media":5803,"template":"","meta":{"_acf_changed":false},"class_list":["post-1928","lawyer","type-lawyer","status-publish","has-post-thumbnail","hentry"],"acf":[],"_links":{"self":[{"href":"https:\/\/www.cvs-avocats.com\/fr\/wp-json\/wp\/v2\/lawyer\/1928","targetHints":{"allow":["GET"]}}],"collection":[{"href":"https:\/\/www.cvs-avocats.com\/fr\/wp-json\/wp\/v2\/lawyer"}],"about":[{"href":"https:\/\/www.cvs-avocats.com\/fr\/wp-json\/wp\/v2\/types\/lawyer"}],"author":[{"embeddable":true,"href":"https:\/\/www.cvs-avocats.com\/fr\/wp-json\/wp\/v2\/users\/7"}],"version-history":[{"count":0,"href":"https:\/\/www.cvs-avocats.com\/fr\/wp-json\/wp\/v2\/lawyer\/1928\/revisions"}],"wp:featuredmedia":[{"embeddable":true,"href":"https:\/\/www.cvs-avocats.com\/fr\/wp-json\/wp\/v2\/media\/5803"}],"wp:attachment":[{"href":"https:\/\/www.cvs-avocats.com\/fr\/wp-json\/wp\/v2\/media?parent=1928"}],"curies":[{"name":"wp","href":"https:\/\/api.w.org\/{rel}","templated":true}]}}