{"id":1287,"date":"2019-07-11T09:46:35","date_gmt":"2019-07-11T07:46:35","guid":{"rendered":"https:\/\/www.cvs-avocats.com\/expertise\/domaine\/propriete-intellectuelle-institutions-culturelles-evenements-sportifs-ou-culturels\/"},"modified":"2025-07-07T13:26:18","modified_gmt":"2025-07-07T11:26:18","slug":"propriete-intellectuelle-institutions-culturelles-evenements-sportifs-ou-culturels","status":"publish","type":"intervention_field","link":"https:\/\/www.cvs-avocats.com\/fr\/domaine\/propriete-intellectuelle-institutions-culturelles-evenements-sportifs-ou-culturels\/","title":{"rendered":"Propri\u00e9t\u00e9 intellectuelle &#8211; Institutions culturelles &#8211; \u00c9v\u00e9nements sportifs ou culturels"},"excerpt":{"rendered":"<p>Cornet Vincent S\u00e9gurel assiste ses clients, en conseil comme en contentieux, sur tous les enjeux li\u00e9s \u00e0 la propri\u00e9t\u00e9 litt\u00e9raire et artistique et au droit d\u2019auteur, aux droits voisins du droit d\u2019auteur.<\/p>\n","protected":false},"author":7,"featured_media":6464,"template":"","meta":{"_acf_changed":false},"class_list":["post-1287","intervention_field","type-intervention_field","status-publish","has-post-thumbnail","hentry"],"acf":[],"_links":{"self":[{"href":"https:\/\/www.cvs-avocats.com\/fr\/wp-json\/wp\/v2\/intervention_field\/1287","targetHints":{"allow":["GET"]}}],"collection":[{"href":"https:\/\/www.cvs-avocats.com\/fr\/wp-json\/wp\/v2\/intervention_field"}],"about":[{"href":"https:\/\/www.cvs-avocats.com\/fr\/wp-json\/wp\/v2\/types\/intervention_field"}],"author":[{"embeddable":true,"href":"https:\/\/www.cvs-avocats.com\/fr\/wp-json\/wp\/v2\/users\/7"}],"version-history":[{"count":0,"href":"https:\/\/www.cvs-avocats.com\/fr\/wp-json\/wp\/v2\/intervention_field\/1287\/revisions"}],"wp:featuredmedia":[{"embeddable":true,"href":"https:\/\/www.cvs-avocats.com\/fr\/wp-json\/wp\/v2\/media\/6464"}],"wp:attachment":[{"href":"https:\/\/www.cvs-avocats.com\/fr\/wp-json\/wp\/v2\/media?parent=1287"}],"curies":[{"name":"wp","href":"https:\/\/api.w.org\/{rel}","templated":true}]}}