{"id":4345,"date":"2019-06-20T13:28:08","date_gmt":"2019-06-20T11:28:08","guid":{"rendered":"https:\/\/www.cvs-avocats.com\/about\/"},"modified":"2025-10-21T16:11:09","modified_gmt":"2025-10-21T14:11:09","slug":"about","status":"publish","type":"page","link":"https:\/\/www.cvs-avocats.com\/en\/about\/","title":{"rendered":"About us"},"content":{"rendered":"\n<div class=\"wp-block-group\" style=\"padding-top:0;padding-bottom:0\"><div class=\"wp-block-group__inner-container is-layout-constrained wp-block-group-is-layout-constrained\">\n<div style=\"height:100px\" aria-hidden=\"true\" class=\"wp-block-spacer\"><\/div>\n\n\n\n<div class=\"wp-block-columns is-layout-flex wp-container-core-columns-is-layout-9d6595d7 wp-block-columns-is-layout-flex\">\n<div class=\"wp-block-column is-layout-flow wp-block-column-is-layout-flow\">\n<h2 class=\"wp-block-heading has-text-align-center\">+225<\/h2>\n\n\n\n<p class=\"has-text-align-center\">Attorneys &amp; Lawyers<\/p>\n<\/div>\n\n\n\n<div class=\"wp-block-column is-layout-flow wp-block-column-is-layout-flow\">\n<h2 class=\"wp-block-heading has-text-align-center\">\u20ac 49M<\/h2>\n\n\n\n<p class=\"has-text-align-center\">Turnover<\/p>\n<\/div>\n\n\n\n<div class=\"wp-block-column is-layout-flow wp-block-column-is-layout-flow\">\n<h2 class=\"wp-block-heading has-text-align-center\">6<\/h2>\n\n\n\n<p class=\"has-text-align-center\">French Cities<\/p>\n<\/div>\n<\/div>\n<\/div><\/div>\n\n\n\n<div class=\"wp-block-group\"><div class=\"wp-block-group__inner-container is-layout-constrained wp-block-group-is-layout-constrained\">\n<hr class=\"wp-block-separator has-alpha-channel-opacity\"\/>\n\n\n\n<div style=\"height:100px\" aria-hidden=\"true\" class=\"wp-block-spacer\"><\/div>\n\n\n\n<p><strong>Established in Nantes in 1972<\/strong>, Cornet Vincent S\u00e9gurel has become one of the leading independent&nbsp;<strong>French law firms<\/strong>. Its&nbsp;<strong>200&nbsp;attorneys and&nbsp;lawyers<\/strong>&nbsp;are located in 6 of the most dynamic cities in the country: Bordeaux, Lille, Lyon, Nantes, Paris and Rennes. At the international level, the Firm is part of&nbsp;<strong>3 networks<\/strong>&nbsp;covering almost 80 countries worldwide.<\/p>\n\n\n\n<div style=\"height:20px\" aria-hidden=\"true\" class=\"wp-block-spacer\"><\/div>\n\n\n\n<h2 class=\"wp-block-heading\">Attorneys empowering your ambitions<\/h2>\n\n\n\n<p>We advise <strong>industrial and service groups<\/strong>, i<strong>ntermediate-sized companies <\/strong>(entreprises de taille interm\u00e9diaire &#8211; ETI), small- and medium-sized companies (petites et moyennes entreprises &#8211; PME), <strong>financial institutions<\/strong>, <strong>investment funds<\/strong>, public authorities and public bodies, <strong>associations and foundations<\/strong> as well as <strong>senior executive<\/strong>s with a modern vision of legal expertise. Our objective: to make law an asset in order <strong>to realise their projects and defend their interests<\/strong> by meeting their needs in a precise and operational manner .<\/p>\n\n\n\n<div style=\"height:20px\" aria-hidden=\"true\" class=\"wp-block-spacer\"><\/div>\n\n\n\n<h2 class=\"wp-block-heading\">Law in a changing world<\/h2>\n\n\n\n<p>In a rapidly changing world, we support our clients to<strong> achieve major transitions<\/strong>. At the centre of the most dynamic regional territories, as well as&nbsp;a key player in several international networks and with experts specialised in our clients\u2019 business sectors,<strong> we facilitate their transformations<\/strong>.<\/p>\n\n\n\n<figure class=\"wp-block-image size-large\"><img decoding=\"async\" width=\"1024\" height=\"384\" data-src=\"https:\/\/www.cvs-avocats.com\/wp-content\/uploads\/2024\/04\/MONDE-NOUVEAU-1920x720-1-1024x384.jpg\" alt=\"\" class=\"wp-image-6727 lazyload\" data-srcset=\"https:\/\/www.cvs-avocats.com\/wp-content\/uploads\/2024\/04\/MONDE-NOUVEAU-1920x720-1-1024x384.jpg 1024w, https:\/\/www.cvs-avocats.com\/wp-content\/uploads\/2024\/04\/MONDE-NOUVEAU-1920x720-1-300x113.jpg 300w, https:\/\/www.cvs-avocats.com\/wp-content\/uploads\/2024\/04\/MONDE-NOUVEAU-1920x720-1-768x288.jpg 768w, https:\/\/www.cvs-avocats.com\/wp-content\/uploads\/2024\/04\/MONDE-NOUVEAU-1920x720-1-1536x576.jpg 1536w, https:\/\/www.cvs-avocats.com\/wp-content\/uploads\/2024\/04\/MONDE-NOUVEAU-1920x720-1.jpg 1920w\" data-sizes=\"(max-width: 1024px) 100vw, 1024px\" src=\"data:image\/svg+xml;base64,PHN2ZyB3aWR0aD0iMSIgaGVpZ2h0PSIxIiB4bWxucz0iaHR0cDovL3d3dy53My5vcmcvMjAwMC9zdmciPjwvc3ZnPg==\" style=\"--smush-placeholder-width: 1024px; --smush-placeholder-aspect-ratio: 1024\/384;\" \/><\/figure>\n\n\n\n<div style=\"height:30px\" aria-hidden=\"true\" class=\"wp-block-spacer\"><\/div>\n\n\n\n<h2 class=\"wp-block-heading\">A Strategic Business Partner<\/h2>\n\n\n\n<p>We see ourselves as our clients\u2019 partners, attuned to the challenges they face. Structuring and developing organisations, building partnerships, managing human capital, innovating: we seek <strong>to devise legal solutions to ensure the secure implementation of all projects<\/strong>. Exchange and sharing are at the core of our work, aimed at jointly developing legal strategies which respond to our clients\u2019 objectives.<\/p>\n\n\n\n<div style=\"height:20px\" aria-hidden=\"true\" class=\"wp-block-spacer\"><\/div>\n\n\n\n<h2 class=\"wp-block-heading\">Breaking deadlocks<\/h2>\n\n\n\n<p>We are also committed to supporting our clients to <strong>achieve positive outcomes in the most difficult situations<\/strong>. Our <strong>strong conflict management and negotiation culture<\/strong> is one of the Firm\u2019s major assets. Our advisory and litigation practices are mutually reinforcing, contributing to the development of inventive strategies and the identification of solutions to our clients\u2019 disputes and difficulties.<\/p>\n\n\n\n<figure class=\"wp-block-image size-large\"><img decoding=\"async\" width=\"1024\" height=\"301\" data-src=\"https:\/\/www.cvs-avocats.com\/wp-content\/uploads\/2024\/04\/DEBLOQUER-LES-SITUATIONS-bandeau-1024x301.jpg\" alt=\"\" class=\"wp-image-6734 lazyload\" data-srcset=\"https:\/\/www.cvs-avocats.com\/wp-content\/uploads\/2024\/04\/DEBLOQUER-LES-SITUATIONS-bandeau-1024x301.jpg 1024w, https:\/\/www.cvs-avocats.com\/wp-content\/uploads\/2024\/04\/DEBLOQUER-LES-SITUATIONS-bandeau-300x88.jpg 300w, https:\/\/www.cvs-avocats.com\/wp-content\/uploads\/2024\/04\/DEBLOQUER-LES-SITUATIONS-bandeau-768x226.jpg 768w, https:\/\/www.cvs-avocats.com\/wp-content\/uploads\/2024\/04\/DEBLOQUER-LES-SITUATIONS-bandeau.jpg 1429w\" data-sizes=\"(max-width: 1024px) 100vw, 1024px\" src=\"data:image\/svg+xml;base64,PHN2ZyB3aWR0aD0iMSIgaGVpZ2h0PSIxIiB4bWxucz0iaHR0cDovL3d3dy53My5vcmcvMjAwMC9zdmciPjwvc3ZnPg==\" style=\"--smush-placeholder-width: 1024px; --smush-placeholder-aspect-ratio: 1024\/301;\" \/><\/figure>\n\n\n\n<div style=\"height:30px\" aria-hidden=\"true\" class=\"wp-block-spacer\"><\/div>\n\n\n\n<h2 class=\"wp-block-heading\">Multi and Cross-Disciplinarity<\/h2>\n\n\n\n<p>We are organised into <strong>groups with specialist expertise<\/strong>, who work in synergy as and when necessary. The cohesiveness and collective experience of our teams enable us to adopt <strong>an effective multidisciplinary approach.<\/strong> Where required by our clients, we have the capacity to rapidly mobilise a network of partners with whom we have developed long-standing relationships: academics, financial and accounting firms, notaries, asset managers, real estate agents and developers, reconciliation firms,&nbsp;crisis managers and consultants, etc.<\/p>\n\n\n\n<div style=\"height:20px\" aria-hidden=\"true\" class=\"wp-block-spacer\"><\/div>\n\n\n\n<h2 class=\"wp-block-heading\">Close to our clients<\/h2>\n\n\n\n<p>In France and abroad, Cornet Vincent S\u00e9gurel is the preferred partner of <strong>clients in a&nbsp;wide range of sectors<\/strong> who trust our firm for all their legal issues. &nbsp;We understand their specific business issues and support them in their day-to-day management as well as at the most strategic moments in their development. Each client has a dedicated and permanent contact person, offering <strong>individualised case tracking and close and constant communication<\/strong>.<\/p>\n<\/div><\/div>\n\n\n\n<div class=\"wp-block-group has-lightgrey-background-color has-background\"><div class=\"wp-block-group__inner-container is-layout-constrained wp-block-group-is-layout-constrained\">\n<h2 class=\"wp-block-heading\">Our History<\/h2>\n\n\n\n<div class=\"wp-block-columns is-layout-flex wp-container-core-columns-is-layout-9d6595d7 wp-block-columns-is-layout-flex\">\n<div class=\"wp-block-column is-layout-flow wp-block-column-is-layout-flow\"><div class=\"wp-block-image\">\n<figure class=\"aligncenter size-full is-resized\"><img decoding=\"async\" width=\"350\" height=\"350\" data-src=\"https:\/\/www.cvs-avocats.com\/wp-content\/uploads\/2024\/04\/NANTES-1972-cornet-vincent-segurel-1.jpg\" alt=\"\" class=\"wp-image-6793 lazyload\" style=\"--smush-placeholder-width: 350px; --smush-placeholder-aspect-ratio: 350\/350;width:250px;height:undefinedpx\" data-srcset=\"https:\/\/www.cvs-avocats.com\/wp-content\/uploads\/2024\/04\/NANTES-1972-cornet-vincent-segurel-1.jpg 350w, https:\/\/www.cvs-avocats.com\/wp-content\/uploads\/2024\/04\/NANTES-1972-cornet-vincent-segurel-1-300x300.jpg 300w, https:\/\/www.cvs-avocats.com\/wp-content\/uploads\/2024\/04\/NANTES-1972-cornet-vincent-segurel-1-150x150.jpg 150w, https:\/\/www.cvs-avocats.com\/wp-content\/uploads\/2024\/04\/NANTES-1972-cornet-vincent-segurel-1-60x60.jpg 60w\" data-sizes=\"(max-width: 350px) 100vw, 350px\" src=\"data:image\/svg+xml;base64,PHN2ZyB3aWR0aD0iMSIgaGVpZ2h0PSIxIiB4bWxucz0iaHR0cDovL3d3dy53My5vcmcvMjAwMC9zdmciPjwvc3ZnPg==\" \/><\/figure>\n<\/div>\n\n\n<div style=\"height:50px\" aria-hidden=\"true\" class=\"wp-block-spacer\"><\/div>\n<\/div>\n\n\n\n<div class=\"wp-block-column is-layout-flow wp-block-column-is-layout-flow\">\n<h3 class=\"wp-block-heading\">1972<\/h3>\n\n\n\n<p><strong>Creation of the firm: <\/strong>Establishment of the first&nbsp;<em>Soci\u00e9t\u00e9 Civile Professionnelle<\/em>&nbsp;by Jo\u00ebl Cornet and Alexandre Vincent when the professions of barrister and solicitor merge. G\u00e9rard S\u00e9gurel\u2019s legal consultancy firm is established in parallel in 1979 in Nantes.<\/p>\n<\/div>\n<\/div>\n\n\n\n<div class=\"wp-block-columns is-layout-flex wp-container-core-columns-is-layout-9d6595d7 wp-block-columns-is-layout-flex\">\n<div class=\"wp-block-column is-layout-flow wp-block-column-is-layout-flow\"><div class=\"wp-block-image\">\n<figure class=\"aligncenter size-full is-resized\"><img decoding=\"async\" width=\"350\" height=\"350\" data-src=\"https:\/\/www.cvs-avocats.com\/wp-content\/uploads\/2024\/04\/PARIS-1984-cornet-vincent-segurel.jpg\" alt=\"\" class=\"wp-image-6795 lazyload\" style=\"--smush-placeholder-width: 350px; --smush-placeholder-aspect-ratio: 350\/350;width:250px;height:undefinedpx\" data-srcset=\"https:\/\/www.cvs-avocats.com\/wp-content\/uploads\/2024\/04\/PARIS-1984-cornet-vincent-segurel.jpg 350w, https:\/\/www.cvs-avocats.com\/wp-content\/uploads\/2024\/04\/PARIS-1984-cornet-vincent-segurel-300x300.jpg 300w, https:\/\/www.cvs-avocats.com\/wp-content\/uploads\/2024\/04\/PARIS-1984-cornet-vincent-segurel-150x150.jpg 150w, https:\/\/www.cvs-avocats.com\/wp-content\/uploads\/2024\/04\/PARIS-1984-cornet-vincent-segurel-60x60.jpg 60w\" data-sizes=\"(max-width: 350px) 100vw, 350px\" src=\"data:image\/svg+xml;base64,PHN2ZyB3aWR0aD0iMSIgaGVpZ2h0PSIxIiB4bWxucz0iaHR0cDovL3d3dy53My5vcmcvMjAwMC9zdmciPjwvc3ZnPg==\" \/><\/figure>\n<\/div>\n\n\n<div style=\"height:50px\" aria-hidden=\"true\" class=\"wp-block-spacer\"><\/div>\n<\/div>\n\n\n\n<div class=\"wp-block-column is-layout-flow wp-block-column-is-layout-flow\">\n<h3 class=\"wp-block-heading\">1984<\/h3>\n\n\n\n<p><strong>Establishment in Paris&nbsp;<\/strong>of G\u00e9rard S\u00e9gurel\u2019s legal consultancy firm<\/p>\n<\/div>\n<\/div>\n\n\n\n<div class=\"wp-block-columns is-layout-flex wp-container-core-columns-is-layout-9d6595d7 wp-block-columns-is-layout-flex\">\n<div class=\"wp-block-column is-layout-flow wp-block-column-is-layout-flow\"><div class=\"wp-block-image\">\n<figure class=\"aligncenter size-full is-resized\"><img decoding=\"async\" width=\"350\" height=\"350\" data-src=\"https:\/\/www.cvs-avocats.com\/wp-content\/uploads\/2024\/04\/PARIS-1992-cornet-vincent-segurel.jpg\" alt=\"\" class=\"wp-image-6809 lazyload\" style=\"--smush-placeholder-width: 350px; --smush-placeholder-aspect-ratio: 350\/350;width:250px;height:undefinedpx\" data-srcset=\"https:\/\/www.cvs-avocats.com\/wp-content\/uploads\/2024\/04\/PARIS-1992-cornet-vincent-segurel.jpg 350w, https:\/\/www.cvs-avocats.com\/wp-content\/uploads\/2024\/04\/PARIS-1992-cornet-vincent-segurel-300x300.jpg 300w, https:\/\/www.cvs-avocats.com\/wp-content\/uploads\/2024\/04\/PARIS-1992-cornet-vincent-segurel-150x150.jpg 150w, https:\/\/www.cvs-avocats.com\/wp-content\/uploads\/2024\/04\/PARIS-1992-cornet-vincent-segurel-60x60.jpg 60w\" data-sizes=\"(max-width: 350px) 100vw, 350px\" src=\"data:image\/svg+xml;base64,PHN2ZyB3aWR0aD0iMSIgaGVpZ2h0PSIxIiB4bWxucz0iaHR0cDovL3d3dy53My5vcmcvMjAwMC9zdmciPjwvc3ZnPg==\" \/><\/figure>\n<\/div>\n\n\n<div style=\"height:50px\" aria-hidden=\"true\" class=\"wp-block-spacer\"><\/div>\n<\/div>\n\n\n\n<div class=\"wp-block-column is-layout-flow wp-block-column-is-layout-flow\">\n<h3 class=\"wp-block-heading has-text-align-left\">1992<\/h3>\n\n\n\n<p><strong>Cornet Vincent and S\u00e9gurel firms <\/strong>join forces through an economic interest grouping (GIE), leading to a merger in 2001, and move into shared premises.<\/p>\n<\/div>\n<\/div>\n\n\n\n<div class=\"wp-block-columns is-layout-flex wp-container-core-columns-is-layout-9d6595d7 wp-block-columns-is-layout-flex\">\n<div class=\"wp-block-column is-layout-flow wp-block-column-is-layout-flow\"><div class=\"wp-block-image\">\n<figure class=\"aligncenter size-full\"><img decoding=\"async\" width=\"250\" height=\"250\" data-src=\"https:\/\/www.cvs-avocats.com\/wp-content\/uploads\/2024\/04\/RENNES-2010-cornet-vincent-segurel-2.jpg\" alt=\"\" class=\"wp-image-6824 lazyload\" data-srcset=\"https:\/\/www.cvs-avocats.com\/wp-content\/uploads\/2024\/04\/RENNES-2010-cornet-vincent-segurel-2.jpg 250w, https:\/\/www.cvs-avocats.com\/wp-content\/uploads\/2024\/04\/RENNES-2010-cornet-vincent-segurel-2-150x150.jpg 150w, https:\/\/www.cvs-avocats.com\/wp-content\/uploads\/2024\/04\/RENNES-2010-cornet-vincent-segurel-2-60x60.jpg 60w\" data-sizes=\"(max-width: 250px) 100vw, 250px\" src=\"data:image\/svg+xml;base64,PHN2ZyB3aWR0aD0iMSIgaGVpZ2h0PSIxIiB4bWxucz0iaHR0cDovL3d3dy53My5vcmcvMjAwMC9zdmciPjwvc3ZnPg==\" style=\"--smush-placeholder-width: 250px; --smush-placeholder-aspect-ratio: 250\/250;\" \/><\/figure>\n<\/div>\n\n\n<div style=\"height:50px\" aria-hidden=\"true\" class=\"wp-block-spacer\"><\/div>\n<\/div>\n\n\n\n<div class=\"wp-block-column is-layout-flow wp-block-column-is-layout-flow\">\n<h3 class=\"wp-block-heading\">2010<\/h3>\n\n\n\n<p><strong>Rennes :<\/strong> office opening.<\/p>\n<\/div>\n<\/div>\n\n\n\n<div class=\"wp-block-columns is-layout-flex wp-container-core-columns-is-layout-9d6595d7 wp-block-columns-is-layout-flex\">\n<div class=\"wp-block-column is-layout-flow wp-block-column-is-layout-flow\"><div class=\"wp-block-image\">\n<figure class=\"aligncenter size-full\"><img decoding=\"async\" width=\"250\" height=\"250\" data-src=\"https:\/\/www.cvs-avocats.com\/wp-content\/uploads\/2024\/04\/LILLE-2011-cornet-vincent-segurel.jpg\" alt=\"\" class=\"wp-image-6830 lazyload\" data-srcset=\"https:\/\/www.cvs-avocats.com\/wp-content\/uploads\/2024\/04\/LILLE-2011-cornet-vincent-segurel.jpg 250w, https:\/\/www.cvs-avocats.com\/wp-content\/uploads\/2024\/04\/LILLE-2011-cornet-vincent-segurel-150x150.jpg 150w, https:\/\/www.cvs-avocats.com\/wp-content\/uploads\/2024\/04\/LILLE-2011-cornet-vincent-segurel-60x60.jpg 60w\" data-sizes=\"(max-width: 250px) 100vw, 250px\" src=\"data:image\/svg+xml;base64,PHN2ZyB3aWR0aD0iMSIgaGVpZ2h0PSIxIiB4bWxucz0iaHR0cDovL3d3dy53My5vcmcvMjAwMC9zdmciPjwvc3ZnPg==\" style=\"--smush-placeholder-width: 250px; --smush-placeholder-aspect-ratio: 250\/250;\" \/><\/figure>\n<\/div>\n\n\n<div style=\"height:50px\" aria-hidden=\"true\" class=\"wp-block-spacer\"><\/div>\n<\/div>\n\n\n\n<div class=\"wp-block-column is-layout-flow wp-block-column-is-layout-flow\">\n<h3 class=\"wp-block-heading\">2011<\/h3>\n\n\n\n<p><strong>Lille :<\/strong> office opening.<\/p>\n<\/div>\n<\/div>\n\n\n\n<div class=\"wp-block-columns is-layout-flex wp-container-core-columns-is-layout-9d6595d7 wp-block-columns-is-layout-flex\">\n<div class=\"wp-block-column is-layout-flow wp-block-column-is-layout-flow\"><div class=\"wp-block-image\">\n<figure class=\"aligncenter size-full\"><img decoding=\"async\" width=\"250\" height=\"250\" data-src=\"https:\/\/www.cvs-avocats.com\/wp-content\/uploads\/2024\/04\/BORDEAUX-2016-cornet-vincent-segurel.jpg\" alt=\"\" class=\"wp-image-6833 lazyload\" data-srcset=\"https:\/\/www.cvs-avocats.com\/wp-content\/uploads\/2024\/04\/BORDEAUX-2016-cornet-vincent-segurel.jpg 250w, https:\/\/www.cvs-avocats.com\/wp-content\/uploads\/2024\/04\/BORDEAUX-2016-cornet-vincent-segurel-150x150.jpg 150w, https:\/\/www.cvs-avocats.com\/wp-content\/uploads\/2024\/04\/BORDEAUX-2016-cornet-vincent-segurel-60x60.jpg 60w\" data-sizes=\"(max-width: 250px) 100vw, 250px\" src=\"data:image\/svg+xml;base64,PHN2ZyB3aWR0aD0iMSIgaGVpZ2h0PSIxIiB4bWxucz0iaHR0cDovL3d3dy53My5vcmcvMjAwMC9zdmciPjwvc3ZnPg==\" style=\"--smush-placeholder-width: 250px; --smush-placeholder-aspect-ratio: 250\/250;\" \/><\/figure>\n<\/div>\n\n\n<div style=\"height:50px\" aria-hidden=\"true\" class=\"wp-block-spacer\"><\/div>\n<\/div>\n\n\n\n<div class=\"wp-block-column is-layout-flow wp-block-column-is-layout-flow\">\n<h3 class=\"wp-block-heading\">2016<\/h3>\n\n\n\n<p><strong>Bordeaux :<\/strong> office opening.<\/p>\n<\/div>\n<\/div>\n\n\n\n<div class=\"wp-block-columns is-layout-flex wp-container-core-columns-is-layout-9d6595d7 wp-block-columns-is-layout-flex\">\n<div class=\"wp-block-column is-layout-flow wp-block-column-is-layout-flow\"><div class=\"wp-block-image\">\n<figure class=\"aligncenter size-full\"><img decoding=\"async\" width=\"250\" height=\"250\" data-src=\"https:\/\/www.cvs-avocats.com\/wp-content\/uploads\/2024\/04\/LYON-2017-cornet-vincent-segurel.jpg\" alt=\"\" class=\"wp-image-6836 lazyload\" data-srcset=\"https:\/\/www.cvs-avocats.com\/wp-content\/uploads\/2024\/04\/LYON-2017-cornet-vincent-segurel.jpg 250w, https:\/\/www.cvs-avocats.com\/wp-content\/uploads\/2024\/04\/LYON-2017-cornet-vincent-segurel-150x150.jpg 150w, https:\/\/www.cvs-avocats.com\/wp-content\/uploads\/2024\/04\/LYON-2017-cornet-vincent-segurel-60x60.jpg 60w\" data-sizes=\"(max-width: 250px) 100vw, 250px\" src=\"data:image\/svg+xml;base64,PHN2ZyB3aWR0aD0iMSIgaGVpZ2h0PSIxIiB4bWxucz0iaHR0cDovL3d3dy53My5vcmcvMjAwMC9zdmciPjwvc3ZnPg==\" style=\"--smush-placeholder-width: 250px; --smush-placeholder-aspect-ratio: 250\/250;\" \/><\/figure>\n<\/div>\n\n\n<div style=\"height:50px\" aria-hidden=\"true\" class=\"wp-block-spacer\"><\/div>\n<\/div>\n\n\n\n<div class=\"wp-block-column is-layout-flow wp-block-column-is-layout-flow\">\n<h3 class=\"wp-block-heading\">2017<\/h3>\n\n\n\n<p><strong>Lyon :<\/strong> office opening.<\/p>\n<\/div>\n<\/div>\n\n\n\n<div class=\"wp-block-columns is-layout-flex wp-container-core-columns-is-layout-9d6595d7 wp-block-columns-is-layout-flex\">\n<div class=\"wp-block-column is-layout-flow wp-block-column-is-layout-flow\"><div class=\"wp-block-image\">\n<figure class=\"aligncenter size-full\"><img decoding=\"async\" width=\"250\" height=\"250\" data-src=\"https:\/\/www.cvs-avocats.com\/wp-content\/uploads\/2024\/04\/NANTES-2022-cornet-vincent-segurel.jpeg\" alt=\"\" class=\"wp-image-6839 lazyload\" data-srcset=\"https:\/\/www.cvs-avocats.com\/wp-content\/uploads\/2024\/04\/NANTES-2022-cornet-vincent-segurel.jpeg 250w, https:\/\/www.cvs-avocats.com\/wp-content\/uploads\/2024\/04\/NANTES-2022-cornet-vincent-segurel-150x150.jpeg 150w, https:\/\/www.cvs-avocats.com\/wp-content\/uploads\/2024\/04\/NANTES-2022-cornet-vincent-segurel-60x60.jpeg 60w\" data-sizes=\"(max-width: 250px) 100vw, 250px\" src=\"data:image\/svg+xml;base64,PHN2ZyB3aWR0aD0iMSIgaGVpZ2h0PSIxIiB4bWxucz0iaHR0cDovL3d3dy53My5vcmcvMjAwMC9zdmciPjwvc3ZnPg==\" style=\"--smush-placeholder-width: 250px; --smush-placeholder-aspect-ratio: 250\/250;\" \/><\/figure>\n<\/div>\n\n\n<div style=\"height:50px\" aria-hidden=\"true\" class=\"wp-block-spacer\"><\/div>\n<\/div>\n\n\n\n<div class=\"wp-block-column is-layout-flow wp-block-column-is-layout-flow\">\n<h3 class=\"wp-block-heading\">2022<\/h3>\n\n\n\n<p><strong>50th anniversary<\/strong> of the firm.<\/p>\n<\/div>\n<\/div>\n<\/div><\/div>\n\n\n\n<div class=\"wp-block-group has-white-background-color has-background\"><div class=\"wp-block-group__inner-container is-layout-constrained wp-block-group-is-layout-constrained\">\n<h2 class=\"wp-block-heading\">Our values<\/h2>\n\n\n\n<p>Our values are shared by all members of the firm and form <strong>the foundation of our culture and actions.<\/strong><\/p>\n\n\n\n<figure class=\"wp-block-image size-large\"><img decoding=\"async\" width=\"2560\" height=\"1247\" data-src=\"https:\/\/www.cvs-avocats.com\/wp-content\/uploads\/2025\/10\/values-edited-scaled.jpg\" alt=\"\" class=\"wp-image-20797 lazyload\" data-srcset=\"https:\/\/www.cvs-avocats.com\/wp-content\/uploads\/2025\/10\/values-edited-scaled.jpg 2560w, https:\/\/www.cvs-avocats.com\/wp-content\/uploads\/2025\/10\/values-edited-300x146.jpg 300w, https:\/\/www.cvs-avocats.com\/wp-content\/uploads\/2025\/10\/values-edited-1024x499.jpg 1024w, https:\/\/www.cvs-avocats.com\/wp-content\/uploads\/2025\/10\/values-edited-768x374.jpg 768w, https:\/\/www.cvs-avocats.com\/wp-content\/uploads\/2025\/10\/values-edited-1536x748.jpg 1536w, https:\/\/www.cvs-avocats.com\/wp-content\/uploads\/2025\/10\/values-edited-2048x997.jpg 2048w\" data-sizes=\"(max-width: 2560px) 100vw, 2560px\" src=\"data:image\/svg+xml;base64,PHN2ZyB3aWR0aD0iMSIgaGVpZ2h0PSIxIiB4bWxucz0iaHR0cDovL3d3dy53My5vcmcvMjAwMC9zdmciPjwvc3ZnPg==\" style=\"--smush-placeholder-width: 2560px; --smush-placeholder-aspect-ratio: 2560\/1247;\" \/><\/figure>\n\n\n\n<div style=\"height:54px\" aria-hidden=\"true\" class=\"wp-block-spacer\"><\/div>\n\n\n\n<figure class=\"wp-block-image size-full is-resized\"><img decoding=\"async\" width=\"871\" height=\"26\" data-src=\"https:\/\/www.cvs-avocats.com\/wp-content\/uploads\/2025\/09\/Fichier-2.png\" alt=\"\" class=\"wp-image-17689 lazyload\" style=\"--smush-placeholder-width: 871px; --smush-placeholder-aspect-ratio: 871\/26;width:916px;height:auto\" data-srcset=\"https:\/\/www.cvs-avocats.com\/wp-content\/uploads\/2025\/09\/Fichier-2.png 871w, https:\/\/www.cvs-avocats.com\/wp-content\/uploads\/2025\/09\/Fichier-2-300x9.png 300w, https:\/\/www.cvs-avocats.com\/wp-content\/uploads\/2025\/09\/Fichier-2-768x23.png 768w\" data-sizes=\"(max-width: 871px) 100vw, 871px\" src=\"data:image\/svg+xml;base64,PHN2ZyB3aWR0aD0iMSIgaGVpZ2h0PSIxIiB4bWxucz0iaHR0cDovL3d3dy53My5vcmcvMjAwMC9zdmciPjwvc3ZnPg==\" \/><\/figure>\n\n\n\n<div style=\"height:31px\" aria-hidden=\"true\" class=\"wp-block-spacer\"><\/div>\n\n\n\n<h2 class=\"wp-block-heading\">Demanding human qualities<\/h2>\n\n\n\n<div style=\"height:45px\" aria-hidden=\"true\" class=\"wp-block-spacer\"><\/div>\n\n\n\n<div class=\"wp-block-columns is-layout-flex wp-container-core-columns-is-layout-9d6595d7 wp-block-columns-is-layout-flex\">\n<div class=\"wp-block-column is-layout-flow wp-block-column-is-layout-flow\" style=\"flex-basis:33.33%\">\n<h4 class=\"wp-block-heading\">Commitment<\/h4>\n<\/div>\n\n\n\n<div class=\"wp-block-column is-layout-flow wp-block-column-is-layout-flow\" style=\"flex-basis:66.66%\">\n<p>Commitment is one of our <strong>driving forces<\/strong>. Internally, it manifests in a <strong>culture of mutual support<\/strong>, complementarity, and involvement in our firm&#8217;s <strong>collective projects<\/strong>. Towards our clients, it takes the form of <strong>unwavering tenacity<\/strong>, <strong>constant dynamism<\/strong>, and <strong>proactive creativity<\/strong> in addressing the challenges of their cases. As lawyers and legal professionals, we are also deeply <strong>committed to our community and society<\/strong>.<\/p>\n<\/div>\n<\/div>\n\n\n\n<div style=\"height:45px\" aria-hidden=\"true\" class=\"wp-block-spacer\"><\/div>\n\n\n\n<div class=\"wp-block-columns is-layout-flex wp-container-core-columns-is-layout-9d6595d7 wp-block-columns-is-layout-flex\">\n<div class=\"wp-block-column is-layout-flow wp-block-column-is-layout-flow\" style=\"flex-basis:33.33%\">\n<h4 class=\"wp-block-heading\">Humility<\/h4>\n<\/div>\n\n\n\n<div class=\"wp-block-column is-layout-flow wp-block-column-is-layout-flow\" style=\"flex-basis:66.66%\">\n<p>We cultivate a <strong>culture of listening<\/strong> and <strong>intellectual humility<\/strong>. Our vision of the profession <strong>is to serve our clients<\/strong>. This value allows us to <strong>articulate individual excellence with collective success<\/strong>. In carrying out our missions, <strong>humility<\/strong> combines with <strong>lucidity and foresight<\/strong> and a deep commitment to delivering results.<\/p>\n<\/div>\n<\/div>\n\n\n\n<div style=\"height:45px\" aria-hidden=\"true\" class=\"wp-block-spacer\"><\/div>\n\n\n\n<div class=\"wp-block-columns is-layout-flex wp-container-core-columns-is-layout-9d6595d7 wp-block-columns-is-layout-flex\">\n<div class=\"wp-block-column is-layout-flow wp-block-column-is-layout-flow\" style=\"flex-basis:33.33%\">\n<h4 class=\"wp-block-heading\">Thoughtfulness<\/h4>\n<\/div>\n\n\n\n<div class=\"wp-block-column is-layout-flow wp-block-column-is-layout-flow\" style=\"flex-basis:66.66%\">\n<p>We attach <strong>fundamental importance<\/strong> to this ethical principle. Thoughtfulness is evident in our <strong>understanding of the human dimension<\/strong> in the often sensitive situations in which we are called upon to intervene, but also in our <strong>daily interactions across the firm<\/strong>. We ensure <strong>attentive listening<\/strong> to <strong>preserve harmonious relationships<\/strong>, and we maintain <strong>constructive partnerships<\/strong>, particularly with our colleagues, in line with our values.<\/p>\n<\/div>\n<\/div>\n\n\n\n<div style=\"height:45px\" aria-hidden=\"true\" class=\"wp-block-spacer\"><\/div>\n\n\n\n<div class=\"wp-block-columns is-layout-flex wp-container-core-columns-is-layout-9d6595d7 wp-block-columns-is-layout-flex\">\n<div class=\"wp-block-column is-layout-flow wp-block-column-is-layout-flow\" style=\"flex-basis:33.33%\">\n<h4 class=\"wp-block-heading\">Humor<\/h4>\n<\/div>\n\n\n\n<div class=\"wp-block-column is-layout-flow wp-block-column-is-layout-flow\" style=\"flex-basis:66.66%\">\n<p>For us, humor is <strong>the art of remaining serious without taking ourselves too seriously<\/strong>. It allows us <strong>to take a step back in delicate situations<\/strong>, so that we can <strong>approach challenges with the clarity<\/strong> needed to find the best solutions.<br>Within the firm, humor plays a <strong>key role<\/strong> in fostering a <strong>friendly working atmosphere<\/strong> and <strong>strengthening team cohesion<\/strong>. Humor is also a tool that must be used with subtlety, but which can be very useful in human relations, negotiations, and pleadings.<\/p>\n<\/div>\n<\/div>\n\n\n\n<div style=\"height:54px\" aria-hidden=\"true\" class=\"wp-block-spacer\"><\/div>\n\n\n\n<figure class=\"wp-block-image size-full is-resized\"><img decoding=\"async\" width=\"871\" height=\"27\" data-src=\"https:\/\/www.cvs-avocats.com\/wp-content\/uploads\/2025\/09\/Fichier-4.png\" alt=\"\" class=\"wp-image-17691 lazyload\" style=\"--smush-placeholder-width: 871px; --smush-placeholder-aspect-ratio: 871\/27;width:916px;height:auto\" data-srcset=\"https:\/\/www.cvs-avocats.com\/wp-content\/uploads\/2025\/09\/Fichier-4.png 871w, https:\/\/www.cvs-avocats.com\/wp-content\/uploads\/2025\/09\/Fichier-4-300x9.png 300w, https:\/\/www.cvs-avocats.com\/wp-content\/uploads\/2025\/09\/Fichier-4-768x24.png 768w\" data-sizes=\"(max-width: 871px) 100vw, 871px\" src=\"data:image\/svg+xml;base64,PHN2ZyB3aWR0aD0iMSIgaGVpZ2h0PSIxIiB4bWxucz0iaHR0cDovL3d3dy53My5vcmcvMjAwMC9zdmciPjwvc3ZnPg==\" \/><\/figure>\n\n\n\n<div style=\"height:31px\" aria-hidden=\"true\" class=\"wp-block-spacer\"><\/div>\n\n\n\n<h2 class=\"wp-block-heading\">The strength of the collective<\/h2>\n\n\n\n<div style=\"height:45px\" aria-hidden=\"true\" class=\"wp-block-spacer\"><\/div>\n\n\n\n<div class=\"wp-block-columns is-layout-flex wp-container-core-columns-is-layout-9d6595d7 wp-block-columns-is-layout-flex\">\n<div class=\"wp-block-column is-layout-flow wp-block-column-is-layout-flow\" style=\"flex-basis:33.33%\">\n<h4 class=\"wp-block-heading\">Otherness<\/h4>\n<\/div>\n\n\n\n<div class=\"wp-block-column is-layout-flow wp-block-column-is-layout-flow\" style=\"flex-basis:66.66%\">\n<p>We cultivate a <strong>collective enriched by otherness <\/strong>&#8211; <strong>respecting individuality and difference<\/strong> as core to who we are. The longevity of our firm rests on the <strong>harmonious coexistence of varied profiles<\/strong>, each contributing <strong>the richness of their experiences and perspectives<\/strong>.<br>We also attach great importance to our <strong>civic and environmental commitments<\/strong>, essential to our collective responsibility. Otherness enables us <strong>to adapt and work effectively with all kinds of clients<\/strong>.<\/p>\n<\/div>\n<\/div>\n\n\n\n<div style=\"height:45px\" aria-hidden=\"true\" class=\"wp-block-spacer\"><\/div>\n\n\n\n<div class=\"wp-block-columns is-layout-flex wp-container-core-columns-is-layout-9d6595d7 wp-block-columns-is-layout-flex\">\n<div class=\"wp-block-column is-layout-flow wp-block-column-is-layout-flow\" style=\"flex-basis:33.33%\">\n<h4 class=\"wp-block-heading\">Collegiality<\/h4>\n<\/div>\n\n\n\n<div class=\"wp-block-column is-layout-flow wp-block-column-is-layout-flow\" style=\"flex-basis:66.66%\">\n<p>Collegiality is one of our <strong>founding principles<\/strong>. We have deliberately chosen <strong>collective governance<\/strong>, convinced that <strong>cross-disciplinary and collaborative intelligence<\/strong> is an <strong>essential lever for success<\/strong>.<br>This <strong>mutual respect for diverse perspectives<\/strong> is what enables us to <strong>maintain cohesion and unity across our teams<\/strong>. For our clients, collegiality means <strong>co-creating legal solutions<\/strong> that are robust and tailored to their needs.<\/p>\n<\/div>\n<\/div>\n\n\n\n<div style=\"height:45px\" aria-hidden=\"true\" class=\"wp-block-spacer\"><\/div>\n\n\n\n<div class=\"wp-block-columns is-layout-flex wp-container-core-columns-is-layout-9d6595d7 wp-block-columns-is-layout-flex\">\n<div class=\"wp-block-column is-layout-flow wp-block-column-is-layout-flow\" style=\"flex-basis:33.33%\">\n<h4 class=\"wp-block-heading\">Transmission<\/h4>\n<\/div>\n\n\n\n<div class=\"wp-block-column is-layout-flow wp-block-column-is-layout-flow\" style=\"flex-basis:66.66%\">\n<p>We implement knowledge transfer on two levels. First, through the <strong>active transfer of expertise<\/strong>, with <strong>training and mentoring<\/strong> at the heart of our culture. Second, through <strong>intergenerational continuity<\/strong>, our model, built on <strong>internal promotion<\/strong>, ensures the firm&#8217;s <strong>sustainability<\/strong> and <strong>constant evolution<\/strong>.<\/p>\n<\/div>\n<\/div>\n\n\n\n<div style=\"height:45px\" aria-hidden=\"true\" class=\"wp-block-spacer\"><\/div>\n\n\n\n<div class=\"wp-block-columns is-layout-flex wp-container-core-columns-is-layout-9d6595d7 wp-block-columns-is-layout-flex\">\n<div class=\"wp-block-column is-layout-flow wp-block-column-is-layout-flow\" style=\"flex-basis:33.33%\">\n<h4 class=\"wp-block-heading\">Boldness<\/h4>\n<\/div>\n\n\n\n<div class=\"wp-block-column is-layout-flow wp-block-column-is-layout-flow\" style=\"flex-basis:66.66%\">\n<p>At the heart of our model lies <strong>boldness<\/strong>, our <strong>collective courage<\/strong> to challenge the status quo and advance the firm. It drives us to <strong>continuously question ourselves<\/strong> and <strong>push the boundaries of our practice<\/strong>. As an expression of our <strong>entrepreneurial spirit<\/strong>, boldness fuels our <strong>ambition for continuous and dynamic development<\/strong> and enables us to <strong>understand our clients<\/strong>, who are themselves reinventing their businesses.<\/p>\n<\/div>\n<\/div>\n\n\n\n<div style=\"height:54px\" aria-hidden=\"true\" class=\"wp-block-spacer\"><\/div>\n\n\n\n<figure class=\"wp-block-image size-large\"><img decoding=\"async\" width=\"1024\" height=\"27\" data-src=\"https:\/\/www.cvs-avocats.com\/wp-content\/uploads\/2025\/06\/Rouge-1024x27.jpg\" alt=\"\" class=\"wp-image-13949 lazyload\" data-srcset=\"https:\/\/www.cvs-avocats.com\/wp-content\/uploads\/2025\/06\/Rouge-1024x27.jpg 1024w, https:\/\/www.cvs-avocats.com\/wp-content\/uploads\/2025\/06\/Rouge-300x8.jpg 300w, https:\/\/www.cvs-avocats.com\/wp-content\/uploads\/2025\/06\/Rouge-768x20.jpg 768w, https:\/\/www.cvs-avocats.com\/wp-content\/uploads\/2025\/06\/Rouge-1536x41.jpg 1536w, https:\/\/www.cvs-avocats.com\/wp-content\/uploads\/2025\/06\/Rouge-2048x54.jpg 2048w\" data-sizes=\"(max-width: 1024px) 100vw, 1024px\" src=\"data:image\/svg+xml;base64,PHN2ZyB3aWR0aD0iMSIgaGVpZ2h0PSIxIiB4bWxucz0iaHR0cDovL3d3dy53My5vcmcvMjAwMC9zdmciPjwvc3ZnPg==\" style=\"--smush-placeholder-width: 1024px; --smush-placeholder-aspect-ratio: 1024\/27;\" \/><\/figure>\n\n\n\n<div style=\"height:31px\" aria-hidden=\"true\" class=\"wp-block-spacer\"><\/div>\n\n\n\n<h2 class=\"wp-block-heading\">A commitment to serving our clients<\/h2>\n\n\n\n<div style=\"height:45px\" aria-hidden=\"true\" class=\"wp-block-spacer\"><\/div>\n\n\n\n<div class=\"wp-block-columns is-layout-flex wp-container-core-columns-is-layout-9d6595d7 wp-block-columns-is-layout-flex\">\n<div class=\"wp-block-column is-layout-flow wp-block-column-is-layout-flow\" style=\"flex-basis:33.33%\">\n<h4 class=\"wp-block-heading\">Excellence<\/h4>\n<\/div>\n\n\n\n<div class=\"wp-block-column is-layout-flow wp-block-column-is-layout-flow\" style=\"flex-basis:66.66%\">\n<p>Every day, we cultivate an <strong>unwavering commitment<\/strong> to excellence, both personally and collectively. This is reflected in our <strong>constantly cutting-edge legal expertise<\/strong> in our areas of practice, combined with <strong>rigorous, precise, and responsive<\/strong> delivery designed to <strong>fully meet our clients&#8217; expectations<\/strong>. <strong>High-performing support services<\/strong> enable our lawyers and legal experts to work in optimal conditions.<\/p>\n<\/div>\n<\/div>\n\n\n\n<div style=\"height:45px\" aria-hidden=\"true\" class=\"wp-block-spacer\"><\/div>\n\n\n\n<div class=\"wp-block-columns is-layout-flex wp-container-core-columns-is-layout-9d6595d7 wp-block-columns-is-layout-flex\">\n<div class=\"wp-block-column is-layout-flow wp-block-column-is-layout-flow\" style=\"flex-basis:33.33%\">\n<h4 class=\"wp-block-heading\">Vision<\/h4>\n<\/div>\n\n\n\n<div class=\"wp-block-column is-layout-flow wp-block-column-is-layout-flow\" style=\"flex-basis:66.66%\">\n<p>We approach the practice of law with a <strong>broad perspective<\/strong> that transcends legal expertise alone. We grasp <strong>the human, economic, financial, and strategic dimensions<\/strong> underlying our clients&#8217; challenges. By combining this <strong>holistic approach<\/strong> with the <strong>cross-disciplinary scope<\/strong> of our expertise, we <strong>create innovative and tailored solutions<\/strong>.<\/p>\n<\/div>\n<\/div>\n\n\n\n<div style=\"height:45px\" aria-hidden=\"true\" class=\"wp-block-spacer\"><\/div>\n\n\n\n<div class=\"wp-block-columns is-layout-flex wp-container-core-columns-is-layout-9d6595d7 wp-block-columns-is-layout-flex\">\n<div class=\"wp-block-column is-layout-flow wp-block-column-is-layout-flow\" style=\"flex-basis:33.33%\">\n<h4 class=\"wp-block-heading\">Pragmatism<\/h4>\n<\/div>\n\n\n\n<div class=\"wp-block-column is-layout-flow wp-block-column-is-layout-flow\" style=\"flex-basis:66.66%\">\n<p>We act as <strong>true facilitators<\/strong> for our clients. We strive to <strong>understand their environment<\/strong> in order to implement the chosen solutions in a concrete and effective manner to <strong>achieve their objectives<\/strong>.<br>We know how to be <strong>flexible<\/strong> in order <strong>to adapt<\/strong> to changing situations <strong>and seize opportunities<\/strong>.<\/p>\n<\/div>\n<\/div>\n\n\n\n<div style=\"height:45px\" aria-hidden=\"true\" class=\"wp-block-spacer\"><\/div>\n\n\n\n<div class=\"wp-block-columns is-layout-flex wp-container-core-columns-is-layout-9d6595d7 wp-block-columns-is-layout-flex\">\n<div class=\"wp-block-column is-layout-flow wp-block-column-is-layout-flow\" style=\"flex-basis:33.33%\">\n<h4 class=\"wp-block-heading\">Proximity<\/h4>\n<\/div>\n\n\n\n<div class=\"wp-block-column is-layout-flow wp-block-column-is-layout-flow\" style=\"flex-basis:66.66%\">\n<p>Proximity, to our clients and within our territories, constitutes the <strong>heart of our identity<\/strong>. We prioritize long-lasting, trusting relationships built on <strong>mutual understanding<\/strong> and <strong>long-term commitment<\/strong>. Thanks to our <strong>local presence<\/strong>, we grasp the <strong>specific challenges of each territory<\/strong> and<strong> interact effectively with key players in each region<\/strong>. Internally, this value is reflected in the <strong>strong bonds<\/strong> between our teams.<\/p>\n<\/div>\n<\/div>\n<\/div><\/div>\n","protected":false},"excerpt":{"rendered":"<p>For more than 50 years, Cornet Vincent S\u00e9gurel has been supporting companies, senior executives, public authorities and associations in their transformations and litigation.<\/p>\n","protected":false},"author":1,"featured_media":7327,"parent":0,"menu_order":0,"comment_status":"closed","ping_status":"closed","template":"","meta":{"_acf_changed":false,"footnotes":""},"class_list":["post-4345","page","type-page","status-publish","has-post-thumbnail","hentry"],"acf":[],"_links":{"self":[{"href":"https:\/\/www.cvs-avocats.com\/en\/wp-json\/wp\/v2\/pages\/4345","targetHints":{"allow":["GET"]}}],"collection":[{"href":"https:\/\/www.cvs-avocats.com\/en\/wp-json\/wp\/v2\/pages"}],"about":[{"href":"https:\/\/www.cvs-avocats.com\/en\/wp-json\/wp\/v2\/types\/page"}],"author":[{"embeddable":true,"href":"https:\/\/www.cvs-avocats.com\/en\/wp-json\/wp\/v2\/users\/1"}],"replies":[{"embeddable":true,"href":"https:\/\/www.cvs-avocats.com\/en\/wp-json\/wp\/v2\/comments?post=4345"}],"version-history":[{"count":0,"href":"https:\/\/www.cvs-avocats.com\/en\/wp-json\/wp\/v2\/pages\/4345\/revisions"}],"wp:featuredmedia":[{"embeddable":true,"href":"https:\/\/www.cvs-avocats.com\/en\/wp-json\/wp\/v2\/media\/7327"}],"wp:attachment":[{"href":"https:\/\/www.cvs-avocats.com\/en\/wp-json\/wp\/v2\/media?parent=4345"}],"curies":[{"name":"wp","href":"https:\/\/api.w.org\/{rel}","templated":true}]}}